{"id":1214,"date":"2022-12-19T09:25:13","date_gmt":"2022-12-19T07:25:13","guid":{"rendered":"https:\/\/www.deesse.com\/?page_id=1214"},"modified":"2023-11-17T00:40:43","modified_gmt":"2023-11-16T22:40:43","slug":"empreinte","status":"publish","type":"page","link":"https:\/\/www.deesse.com\/fr\/empreinte\/","title":{"rendered":"Empreinte"},"content":{"rendered":"<p>[et_pb_section fb_built=\u00a0\u00bb1&Prime; module_id=\u00a0\u00bbimprint\u00a0\u00bb _builder_version=\u00a0\u00bb4.19.4&Prime; _module_preset=\u00a0\u00bbdefault\u00a0\u00bb custom_margin=\u00a0\u00bb||0px||false|false\u00a0\u00bb custom_padding=\u00a0\u00bb||0px||false|false\u00a0\u00bb global_colors_info=\u00a0\u00bb{}\u00a0\u00bb][et_pb_row _builder_version=\u00a0\u00bb4.19.4&Prime; _module_preset=\u00a0\u00bbdefault\u00a0\u00bb custom_margin=\u00a0\u00bb||0px||false|false\u00a0\u00bb custom_padding=\u00a0\u00bb||0px||false|false\u00a0\u00bb global_colors_info=\u00a0\u00bb{}\u00a0\u00bb][et_pb_column type=\u00a0\u00bb4_4&Prime; _builder_version=\u00a0\u00bb4.19.4&Prime; _module_preset=\u00a0\u00bbdefault\u00a0\u00bb global_colors_info=\u00a0\u00bb{}\u00a0\u00bb][et_pb_text admin_label=\u00a0\u00bbImpressum\u00a0\u00bb _builder_version=\u00a0\u00bb4.22.1&Prime; _module_preset=\u00a0\u00bbdefault\u00a0\u00bb header_font=\u00a0\u00bb|||on|||||\u00a0\u00bb header_text_align=\u00a0\u00bbcenter\u00a0\u00bb header_2_font=\u00a0\u00bb|||on|||||\u00a0\u00bb header_2_text_align=\u00a0\u00bbcenter\u00a0\u00bb custom_margin=\u00a0\u00bb||0px||false|false\u00a0\u00bb custom_padding=\u00a0\u00bb||0px||false|false\u00a0\u00bb global_colors_info=\u00a0\u00bb{}\u00a0\u00bb]<\/p>\n<h1><em>Mentions l\u00e9gales<\/em><\/h1>\n<p>[\/et_pb_text][\/et_pb_column][\/et_pb_row][et_pb_row _builder_version=\u00a0\u00bb4.19.4&Prime; _module_preset=\u00a0\u00bbdefault\u00a0\u00bb global_colors_info=\u00a0\u00bb{}\u00a0\u00bb][et_pb_column type=\u00a0\u00bb4_4&Prime; _builder_version=\u00a0\u00bb4.19.4&Prime; _module_preset=\u00a0\u00bbdefault\u00a0\u00bb global_colors_info=\u00a0\u00bb{}\u00a0\u00bb][et_pb_text _builder_version=\u00a0\u00bb4.22.1&Prime; _module_preset=\u00a0\u00bbdefault\u00a0\u00bb header_2_font_size=\u00a0\u00bb20px\u00a0\u00bb hover_enabled=\u00a0\u00bb0&Prime; header_2_font_size_tablet=\u00a0\u00bb20px\u00a0\u00bb header_2_font_size_phone=\u00a0\u00bb20px\u00a0\u00bb header_2_font_size_last_edited=\u00a0\u00bbon|desktop\u00a0\u00bb global_colors_info=\u00a0\u00bb{}\u00a0\u00bb sticky_enabled=\u00a0\u00bb0&Prime;]Ce site Internet est une offre commune de D\u00e9esse AG sise en Suisse et de sa filiale D\u00e9esse International GmbH sise en Allemagne.<\/p>\n<p>Suisse<br \/>\n<strong>D\u00c9ESSE AG<\/strong><br \/>\nConseils d\u2019administration\/repr\u00e9sentants habilit\u00e9s\u00a0:\u00a0Stefan Sturdza, Oliver Weidmann<br \/>\nIndustriestrasse 10<br \/>\nCH-8618 Oetwil am See<br \/>\nT\u00e9l. : +41 44 929 65 65<br \/>\nFax : +41 44 929 65 66<br \/>\nwww.deesse.com<br \/>\nhello@deesse.com<br \/>\nRegistre du commerce : Canton de Zurich, CH-020.3.905.530-5<br \/>\nNum\u00e9ro TVA : CHE-107.899.495<\/p>\n<p>Deutschland\/Allemagne ; Union europ\u00e9enne<br \/>\n<strong>D\u00c9ESSE INTERNATIONAL GMBH<\/strong><br \/>\nG\u00e9rant : Stefan Sturdza<br \/>\nKeltenring 14<br \/>\nD-82041 Oberhaching<br \/>\nT\u00e9l. : +49 89 230 2150-0<br \/>\nFax : +49 89 230 2150 99<br \/>\nwww.deesse.com<br \/>\nhello@deesse.com<br \/>\nRegistre du commerce : Tribunal cantonal de Munich,\u00a0HRB 76498<br \/>\nN\u00b0 de TVA : DE 129323659<\/p>\n<p>En conformit\u00e9 avec la loi AGEC (Lutte contre le Gaspillage Alimentaire et l\u2019Economie Circulaire), D\u00e9esse International GmbH est adh\u00e9rent \u00e0 un \u00e9co-organisme (Num\u00e9ro unique : FR207559_01EYOA) lui permettant de d\u00e9clarer et payer une \u00e9co-contribution sur ses emballages m\u00e9nagers.<\/p>\n<p><em><strong>Marquage info-tri pour les produits D\u00e9esse<\/strong><\/em><br \/>\nVeuillez trouver la liste des marquages d\u00e9materialis\u00e9s de nos produits en petits emballages (selon l\u2019article 17 de la loi AGEC et d\u00e9cret n\u00b0 2021-835 du 29 juin 2021) sous le lien suivant: <strong><a href=\"https:\/\/www.deesse.com\/fr\/triman-marquages-info-tri\/\">https:\/\/www.deesse.com\/fr\/triman-marquages-info-tri\/<\/a><\/strong><\/p>\n<h2>CLAUSE DE NON-RESPONSABILIT\u00c9 \u2013 INFORMATIONS JURIDIQUES<\/h2>\n<p><strong>RESPONSABILIT\u00c9 DES CONTENUS<\/strong><br \/>\nEn tant que fournisseur de services, nous sommes responsables de nos propres services sur ces pages conform\u00e9ment aux lois applicables. Les contenus consultables sur nos sites Internet servent d\u2019informations g\u00e9n\u00e9rales et ne visent pas \u00e0 donner des conseils. Nous nous effor\u00e7ons de veiller \u00e0 l\u2019exactitude et \u00e0 l\u2019actualit\u00e9 de toutes les informations et donn\u00e9es contenues sur nos sites Internet. Nous ne nous portons pourtant pas garants de l\u2019exactitude, l\u2019int\u00e9gralit\u00e9 et l\u2019actualit\u00e9 ou de la qualit\u00e9 des informations et des donn\u00e9es mises \u00e0 disposition. Nous d\u00e9clinons toute responsabilit\u00e9 pour le contenu des informations consultables, dans la mesure o\u00f9 il ne s\u2019agit pas d\u2019informations intentionnellement erron\u00e9es ou r\u00e9sultant d\u2019une n\u00e9gligence grave. Les obligations relatives \u00e0 la suppression ou au blocage des informations conform\u00e9ment au droit et \u00e0 la loi n\u2019en sont pas affect\u00e9es. Toute responsabilit\u00e9 aff\u00e9rente est \u00e9ventuellement engag\u00e9e seulement \u00e0 partir de la prise de connaissance d\u2019une infraction concr\u00e8te. En cas d\u2019annonce d\u2019infractions correspondantes \u00e0 la loi, nous supprimerons ces contenus imm\u00e9diatement.<\/p>\n<p><strong>RESPONSABILIT\u00c9 RELATIVE AUX LIENS<\/strong><br \/>\nNotre offre contient des liens vers des sites Internet externes de tiers. Nous n\u2019avons aucune influence sur leurs contenus. C\u2019est la raison pour laquelle nous ne nous portons pas garants de ces contenus tiers. Le fournisseur correspondant ou l\u2019exploitant des pages est responsable du contenu des pages contenant des liens. Les pages contenant des liens ont \u00e9t\u00e9 contr\u00f4l\u00e9es au moment de la cr\u00e9ation du lien pour v\u00e9rifier toute violation du droit \u00e9ventuelle. Les contenus illicites n\u2019\u00e9taient pas d\u00e9celables lors de la cr\u00e9ation du lien. Un contr\u00f4le permanent du contenu des pages contenant des liens n\u2019est pas exigible sans indice concret d\u2019une infraction \u00e0 la loi. En cas d\u2019annonce d\u2019infractions \u00e0 la loi, nous supprimerons les liens concern\u00e9s imm\u00e9diatement.<\/p>\n<p><strong>DROITS D\u2019AUTEUR<\/strong><br \/>\nLes contenus et \u0153uvres cr\u00e9\u00e9s par nos soins sur ces sites Internet sont soumis au droit d\u2019auteur allemand et suisse. Toutes les contributions de tiers sont identifi\u00e9es comme telles. La reproduction, la modification, la diffusion et tout type d\u2019exploitation en dehors des limites du droit d\u2019auteur requi\u00e8rent l\u2019accord \u00e9crit de l\u2019auteur correspondant. Les copies de ces pages sont autoris\u00e9es uniquement dans le domaine priv\u00e9, et non \u00e0 des fins commerciales.[\/et_pb_text][\/et_pb_column][\/et_pb_row][\/et_pb_section]<\/p>\n","protected":false},"excerpt":{"rendered":"<p>Mentions l\u00e9galesCe site Internet est une offre commune de D\u00e9esse AG sise en Suisse et de sa filiale D\u00e9esse International GmbH sise en Allemagne. Suisse D\u00c9ESSE AG Conseils d\u2019administration\/repr\u00e9sentants habilit\u00e9s\u00a0:\u00a0Stefan [&hellip;]<\/p>\n","protected":false},"author":1,"featured_media":0,"parent":0,"menu_order":0,"comment_status":"closed","ping_status":"closed","template":"","meta":{"_acf_changed":false,"_et_pb_use_builder":"on","_et_pb_old_content":"[et_pb_section fb_built=\"1\" module_id=\"imprint\" _builder_version=\"4.19.4\" _module_preset=\"default\" custom_margin=\"||0px||false|false\" custom_padding=\"||0px||false|false\" global_colors_info=\"{}\"][et_pb_row _builder_version=\"4.19.4\" _module_preset=\"default\" custom_margin=\"||0px||false|false\" custom_padding=\"||0px||false|false\" global_colors_info=\"{}\"][et_pb_column type=\"4_4\" _builder_version=\"4.19.4\" _module_preset=\"default\" global_colors_info=\"{}\"][et_pb_text admin_label=\"Impressum\" _builder_version=\"4.19.4\" _module_preset=\"default\" header_2_font=\"|||on|||||\" header_2_text_align=\"center\" custom_margin=\"||0px||false|false\" custom_padding=\"||0px||false|false\" hover_enabled=\"0\" global_colors_info=\"{}\" header_font=\"|||on|||||\" header_text_align=\"center\" sticky_enabled=\"0\"]<h1><em>Impressum<\/em><\/h1>[\/et_pb_text][\/et_pb_column][\/et_pb_row][et_pb_row _builder_version=\"4.19.4\" _module_preset=\"default\" global_colors_info=\"{}\"][et_pb_column type=\"4_4\" _builder_version=\"4.19.4\" _module_preset=\"default\" global_colors_info=\"{}\"][et_pb_text _builder_version=\"4.19.4\" _module_preset=\"default\" header_2_font_size=\"20px\" header_2_font_size_tablet=\"20px\" header_2_font_size_phone=\"20px\" header_2_font_size_last_edited=\"on|desktop\" global_colors_info=\"{}\"]<p>Dieser Internetauftritt ist ein gemeinsames Angebot der D\u00e9esse AG mit Sitz in der Schweiz und deren Tochterunternehmen D\u00e9esse International GmbH<br \/>mit Sitz in Deutschland.<\/p>\r\n<p><strong>Schweiz\/Suisse\/Svizzera\/Switzerland<\/strong><br \/>D\u00c9ESSE AG<br \/>Verwaltungsr\u00e4te\/Vertretungsberechtigte: Stefan Sturdza, Oliver Weidmann<br \/>Industriestrasse 10<br \/>CH-8618 Oetwil am See<br \/>Tel +41 44 929 65 65<br \/>Fax +41 44 929 65 66<br \/>www.deesse.com<br \/>info.ch@deesse.com<br \/>Handelsregister: Kanton Z\u00fcrich, CH-020.3.905.530-5<br \/>Mehrwertsteuer-Nummer: CHE-107.899.495<\/p>\r\n<p>Deutschland\/Allemagne\/Germania\/Germany; European Union\/EU<\/p>\r\n<p>D\u00c9ESSE INTERNATIONAL GMBH<br \/>Gesch\u00e4ftsf\u00fchrer: Stefan Sturdza<br \/>Rudolf-Diesel-Ring 32<br \/>D-82054 Sauerlach<br \/>Tel +49 8104 66 22 0<br \/>Fax +49 8104 66 22 99<br \/>www.deesse.com<br \/>info.eu@deesse.com<br \/>Handelsregister: Amtsgericht M\u00fcnchen, HRB 76498<br \/>USt-IdNr.: DE 129323659<\/p>\r\n<h2>DISCLAIMER \u2013 RECHTLICHE HINWEISE<\/h2>\r\n<p><strong>HAFTUNG F\u00dcR INHALTE<\/strong><br \/>Als Diensteanbieter sind wir f\u00fcr eigene Inhalte auf diesen Seiten nach den geltenden Gesetzen verantwortlich. Die auf unseren Websites abrufbaren Inhalte dienen der allgemeinen Information und nicht der Beratung. Wir sind bem\u00fcht, f\u00fcr die Richtigkeit und Aktualit\u00e4t aller auf unseren Websites enthaltenen Informationen und Daten zu sorgen. F\u00fcr die Korrektheit, die Vollst\u00e4ndigkeit, die Aktualit\u00e4t oder Qualit\u00e4t der bereitgestellten Informationen und Daten wird jedoch keine Gew\u00e4hr \u00fcbernommen. Die Haftung f\u00fcr den Inhalt der abrufbaren Informationen wird ausgeschlossen, soweit es sich nicht um vors\u00e4tzliche oder grob fahrl\u00e4ssige Falschinformation handelt. Verpflichtungen zur Entfernung oder Sperrung der Nutzung von Informationen nach Recht und Gesetz bleiben hiervon unber\u00fchrt. Eine diesbez\u00fcgliche Haftung ist jedoch erst ab dem Zeitpunkt der Kenntnis einer konkreten Rechtsverletzung m\u00f6glich. Bei Bekanntwerden von entsprechenden Rechtsverletzungen werden wir diese Inhalte umgehend entfernen.<\/p>\r\n<p><strong>HAFTUNG F\u00dcR LINKS<\/strong><br \/>Unser Angebot enth\u00e4lt Links zu externen Websites Dritter, auf deren Inhalte wir keinen Einfluss haben. Deshalb k\u00f6nnen wir f\u00fcr diese fremden Inhalte auch keine Gew\u00e4hr \u00fcbernehmen. F\u00fcr die Inhalte der verlinkten Seiten ist stets der jeweilige Anbieter oder Betreiber der Seiten verantwortlich. Die verlinkten Seiten wurden zum Zeitpunkt der Verlinkung auf m\u00f6gliche Rechtsverst\u00f6\u00dfe \u00fcberpr\u00fcft. Rechtswidrige Inhalte waren zum Zeitpunkt der Verlinkung nicht erkennbar. Eine permanente inhaltliche Kontrolle der verlinkten Seiten ist jedoch ohne konkrete Anhaltspunkte einer Rechtsverletzung nicht zumutbar. Bei Bekanntwerden von Rechtsverletzungen werden wir die betreffenden Links umgehend entfernen.<\/p>\r\n<p><strong>URHEBERRECHT<\/strong><br \/>Die von uns erstellten Inhalte und Werke auf diesen Webseiten unterliegen dem deutschen und schweizer Urheberrecht. S\u00e4mtliche Beitr\u00e4ge Dritter sind als solche gekennzeichnet. Die Vervielf\u00e4ltigung, Bearbeitung, Verbreitung und jede Art der Verwertung au\u00dferhalb der Grenzen des Urheberrechts bed\u00fcrfen der schriftlichen Zustimmung des jeweiligen Autors bzw. Erstellers. Kopien von diesen Seiten sind nur f\u00fcr den privaten Bereich gestattet, nicht jedoch f\u00fcr kommerzielle Zwecke.<\/p>[\/et_pb_text][\/et_pb_column][\/et_pb_row][\/et_pb_section]","_et_gb_content_width":"","inline_featured_image":false,"footnotes":""},"class_list":["post-1214","page","type-page","status-publish","hentry"],"acf":[],"yoast_head":"<!-- This site is optimized with the Yoast SEO plugin v24.2 - https:\/\/yoast.com\/wordpress\/plugins\/seo\/ -->\n<title>Empreinte &#187; D\u00e9esse Cosmetics<\/title>\n<meta name=\"description\" content=\"Wirksame Kosmetik und hochwertige Nahrungserg\u00e4nzungsmittel dank moderner Forschung und Schweizer Traditionsbewusstsein. Entdecken Sie die Welt von D\u00e9esse.\" \/>\n<meta name=\"robots\" content=\"index, follow, max-snippet:-1, max-image-preview:large, max-video-preview:-1\" \/>\n<link rel=\"canonical\" href=\"https:\/\/www.deesse.com\/fr\/empreinte\/\" \/>\n<meta property=\"og:locale\" content=\"fr_FR\" \/>\n<meta property=\"og:type\" content=\"article\" \/>\n<meta property=\"og:title\" content=\"Empreinte &#187; D\u00e9esse Cosmetics\" \/>\n<meta property=\"og:description\" content=\"Wirksame Kosmetik und hochwertige Nahrungserg\u00e4nzungsmittel dank moderner Forschung und Schweizer Traditionsbewusstsein. Entdecken Sie die Welt von D\u00e9esse.\" \/>\n<meta property=\"og:url\" content=\"https:\/\/www.deesse.com\/fr\/empreinte\/\" \/>\n<meta property=\"og:site_name\" content=\"D\u00e9esse Cosmetics\" \/>\n<meta property=\"article:publisher\" content=\"https:\/\/www.facebook.com\/DeesseCosmeticsOfSwitzerland\" \/>\n<meta property=\"article:modified_time\" content=\"2023-11-16T22:40:43+00:00\" \/>\n<meta property=\"og:image\" content=\"https:\/\/www.deesse.com\/wp-content\/uploads\/2023\/01\/DEESSE-of-Switzerland.png\" \/>\n\t<meta property=\"og:image:width\" content=\"1000\" \/>\n\t<meta property=\"og:image:height\" content=\"343\" \/>\n\t<meta property=\"og:image:type\" content=\"image\/png\" \/>\n<meta name=\"twitter:card\" content=\"summary_large_image\" \/>\n<meta name=\"twitter:label1\" content=\"Dur\u00e9e de lecture estim\u00e9e\" \/>\n\t<meta name=\"twitter:data1\" content=\"4 minutes\" \/>\n<script type=\"application\/ld+json\" class=\"yoast-schema-graph\">{\"@context\":\"https:\/\/schema.org\",\"@graph\":[{\"@type\":\"WebPage\",\"@id\":\"https:\/\/www.deesse.com\/fr\/empreinte\/\",\"url\":\"https:\/\/www.deesse.com\/fr\/empreinte\/\",\"name\":\"Empreinte &#187; D\u00e9esse Cosmetics\",\"isPartOf\":{\"@id\":\"https:\/\/www.deesse.com\/fr\/#website\"},\"datePublished\":\"2022-12-19T07:25:13+00:00\",\"dateModified\":\"2023-11-16T22:40:43+00:00\",\"description\":\"Wirksame Kosmetik und hochwertige Nahrungserg\u00e4nzungsmittel dank moderner Forschung und Schweizer Traditionsbewusstsein. Entdecken Sie die Welt von D\u00e9esse.\",\"breadcrumb\":{\"@id\":\"https:\/\/www.deesse.com\/fr\/empreinte\/#breadcrumb\"},\"inLanguage\":\"fr-FR\",\"potentialAction\":[{\"@type\":\"ReadAction\",\"target\":[\"https:\/\/www.deesse.com\/fr\/empreinte\/\"]}]},{\"@type\":\"BreadcrumbList\",\"@id\":\"https:\/\/www.deesse.com\/fr\/empreinte\/#breadcrumb\",\"itemListElement\":[{\"@type\":\"ListItem\",\"position\":1,\"name\":\"Startseite\",\"item\":\"https:\/\/www.deesse.com\/fr\/\"},{\"@type\":\"ListItem\",\"position\":2,\"name\":\"Empreinte\"}]},{\"@type\":\"WebSite\",\"@id\":\"https:\/\/www.deesse.com\/fr\/#website\",\"url\":\"https:\/\/www.deesse.com\/fr\/\",\"name\":\"D\u00e9esse Cosmetics\",\"description\":\"\",\"potentialAction\":[{\"@type\":\"SearchAction\",\"target\":{\"@type\":\"EntryPoint\",\"urlTemplate\":\"https:\/\/www.deesse.com\/fr\/?s={search_term_string}\"},\"query-input\":{\"@type\":\"PropertyValueSpecification\",\"valueRequired\":true,\"valueName\":\"search_term_string\"}}],\"inLanguage\":\"fr-FR\"}]}<\/script>\n<!-- \/ Yoast SEO plugin. -->","yoast_head_json":{"title":"Empreinte &#187; D\u00e9esse Cosmetics","description":"Wirksame Kosmetik und hochwertige Nahrungserg\u00e4nzungsmittel dank moderner Forschung und Schweizer Traditionsbewusstsein. Entdecken Sie die Welt von D\u00e9esse.","robots":{"index":"index","follow":"follow","max-snippet":"max-snippet:-1","max-image-preview":"max-image-preview:large","max-video-preview":"max-video-preview:-1"},"canonical":"https:\/\/www.deesse.com\/fr\/empreinte\/","og_locale":"fr_FR","og_type":"article","og_title":"Empreinte &#187; D\u00e9esse Cosmetics","og_description":"Wirksame Kosmetik und hochwertige Nahrungserg\u00e4nzungsmittel dank moderner Forschung und Schweizer Traditionsbewusstsein. Entdecken Sie die Welt von D\u00e9esse.","og_url":"https:\/\/www.deesse.com\/fr\/empreinte\/","og_site_name":"D\u00e9esse Cosmetics","article_publisher":"https:\/\/www.facebook.com\/DeesseCosmeticsOfSwitzerland","article_modified_time":"2023-11-16T22:40:43+00:00","og_image":[{"width":1000,"height":343,"url":"https:\/\/www.deesse.com\/wp-content\/uploads\/2023\/01\/DEESSE-of-Switzerland.png","type":"image\/png"}],"twitter_card":"summary_large_image","twitter_misc":{"Dur\u00e9e de lecture estim\u00e9e":"4 minutes"},"schema":{"@context":"https:\/\/schema.org","@graph":[{"@type":"WebPage","@id":"https:\/\/www.deesse.com\/fr\/empreinte\/","url":"https:\/\/www.deesse.com\/fr\/empreinte\/","name":"Empreinte &#187; D\u00e9esse Cosmetics","isPartOf":{"@id":"https:\/\/www.deesse.com\/fr\/#website"},"datePublished":"2022-12-19T07:25:13+00:00","dateModified":"2023-11-16T22:40:43+00:00","description":"Wirksame Kosmetik und hochwertige Nahrungserg\u00e4nzungsmittel dank moderner Forschung und Schweizer Traditionsbewusstsein. Entdecken Sie die Welt von D\u00e9esse.","breadcrumb":{"@id":"https:\/\/www.deesse.com\/fr\/empreinte\/#breadcrumb"},"inLanguage":"fr-FR","potentialAction":[{"@type":"ReadAction","target":["https:\/\/www.deesse.com\/fr\/empreinte\/"]}]},{"@type":"BreadcrumbList","@id":"https:\/\/www.deesse.com\/fr\/empreinte\/#breadcrumb","itemListElement":[{"@type":"ListItem","position":1,"name":"Startseite","item":"https:\/\/www.deesse.com\/fr\/"},{"@type":"ListItem","position":2,"name":"Empreinte"}]},{"@type":"WebSite","@id":"https:\/\/www.deesse.com\/fr\/#website","url":"https:\/\/www.deesse.com\/fr\/","name":"D\u00e9esse Cosmetics","description":"","potentialAction":[{"@type":"SearchAction","target":{"@type":"EntryPoint","urlTemplate":"https:\/\/www.deesse.com\/fr\/?s={search_term_string}"},"query-input":{"@type":"PropertyValueSpecification","valueRequired":true,"valueName":"search_term_string"}}],"inLanguage":"fr-FR"}]}},"_links":{"self":[{"href":"https:\/\/www.deesse.com\/fr\/wp-json\/wp\/v2\/pages\/1214","targetHints":{"allow":["GET"]}}],"collection":[{"href":"https:\/\/www.deesse.com\/fr\/wp-json\/wp\/v2\/pages"}],"about":[{"href":"https:\/\/www.deesse.com\/fr\/wp-json\/wp\/v2\/types\/page"}],"author":[{"embeddable":true,"href":"https:\/\/www.deesse.com\/fr\/wp-json\/wp\/v2\/users\/1"}],"replies":[{"embeddable":true,"href":"https:\/\/www.deesse.com\/fr\/wp-json\/wp\/v2\/comments?post=1214"}],"version-history":[{"count":17,"href":"https:\/\/www.deesse.com\/fr\/wp-json\/wp\/v2\/pages\/1214\/revisions"}],"predecessor-version":[{"id":6141,"href":"https:\/\/www.deesse.com\/fr\/wp-json\/wp\/v2\/pages\/1214\/revisions\/6141"}],"wp:attachment":[{"href":"https:\/\/www.deesse.com\/fr\/wp-json\/wp\/v2\/media?parent=1214"}],"curies":[{"name":"wp","href":"https:\/\/api.w.org\/{rel}","templated":true}]}}