{"id":2561,"date":"2023-02-14T15:46:08","date_gmt":"2023-02-14T13:46:08","guid":{"rendered":"https:\/\/www.deesse.com\/?page_id=2561"},"modified":"2025-02-21T15:37:42","modified_gmt":"2025-02-21T13:37:42","slug":"a-propos-de-deesse","status":"publish","type":"page","link":"https:\/\/www.deesse.com\/fr\/a-propos-de-deesse\/","title":{"rendered":"\u00c0 propos de D\u00e9esse"},"content":{"rendered":"<p>[et_pb_section fb_built=\u00a0\u00bb1&Prime; _builder_version=\u00a0\u00bb4.19.4&Prime; _module_preset=\u00a0\u00bbdefault\u00a0\u00bb z_index=\u00a0\u00bb999&Prime; custom_margin=\u00a0\u00bb0px||0px||false|false\u00a0\u00bb custom_padding=\u00a0\u00bb0px||0px||false|false\u00a0\u00bb global_colors_info=\u00a0\u00bb{}\u00a0\u00bb][et_pb_row column_structure=\u00a0\u00bb1_3,2_3&Prime; make_equal=\u00a0\u00bbon\u00a0\u00bb _builder_version=\u00a0\u00bb4.19.4&Prime; _module_preset=\u00a0\u00bbdefault\u00a0\u00bb width=\u00a0\u00bb100%\u00a0\u00bb custom_margin=\u00a0\u00bb0px||0px||false|false\u00a0\u00bb custom_padding=\u00a0\u00bb0px||0px||false|false\u00a0\u00bb global_colors_info=\u00a0\u00bb{}\u00a0\u00bb custom_css_main_element_last_edited=\u00a0\u00bboff|desktop\u00a0\u00bb custom_css_main_element_phone=\u00a0\u00bbdisplay: block;\u00a0\u00bb][et_pb_column type=\u00a0\u00bb1_3&Prime; module_class=\u00a0\u00bbiconcol\u00a0\u00bb _builder_version=\u00a0\u00bb4.19.4&Prime; _module_preset=\u00a0\u00bbdefault\u00a0\u00bb background_enable_color=\u00a0\u00bboff\u00a0\u00bb background_image=\u00a0\u00bbhttps:\/\/www.deesse.com\/wp-content\/uploads\/2023\/02\/ueber-deesse-schweiz.webp\u00a0\u00bb custom_padding=\u00a0\u00bb120px||120px||false|false\u00a0\u00bb custom_padding_tablet=\u00a0\u00bb0px||0px||false|false\u00a0\u00bb custom_padding_phone=\u00a0\u00bb0px||0px||false|false\u00a0\u00bb custom_padding_last_edited=\u00a0\u00bbon|desktop\u00a0\u00bb background_last_edited=\u00a0\u00bbon|phone\u00a0\u00bb background_enable_image_tablet=\u00a0\u00bboff\u00a0\u00bb global_colors_info=\u00a0\u00bb{}\u00a0\u00bb][et_pb_image src=\u00a0\u00bbhttps:\/\/www.deesse.com\/wp-content\/uploads\/2023\/02\/ueber-deesse-schweiz.webp\u00a0\u00bb alt=\u00a0\u00bbDeesse Cosmetics of Switzerland\u00a0\u00bb title_text=\u00a0\u00bbDeesse Cosmetics of Switzerland\u00a0\u00bb align=\u00a0\u00bbcenter\u00a0\u00bb src_tablet=\u00a0\u00bbhttps:\/\/www.deesse.com\/wp-content\/uploads\/2023\/02\/ueber-deesse-schweiz.webp\u00a0\u00bb src_phone=\u00a0\u00bbhttps:\/\/www.deesse.com\/wp-content\/uploads\/2023\/02\/ueber-deesse-schweiz.webp\u00a0\u00bb src_last_edited=\u00a0\u00bboff|desktop\u00a0\u00bb disabled_on=\u00a0\u00bboff|off|on\u00a0\u00bb _builder_version=\u00a0\u00bb4.19.4&Prime; _module_preset=\u00a0\u00bbdefault\u00a0\u00bb global_colors_info=\u00a0\u00bb{}\u00a0\u00bb custom_css_main_element_last_edited=\u00a0\u00bbon|tablet\u00a0\u00bb custom_css_main_element_tablet=\u00a0\u00bbaspect-ratio: 1\/1;||object-fit: cover;||object-position: center center;||width: 100%;||height: 100%;||overflow: hidden;\u00a0\u00bb custom_css_main_element_phone=\u00a0\u00bbaspect-ratio: 1\/1;||object-fit: cover;||object-position: center center;||width: 100%;||height: 100%;||overflow: hidden;\u00a0\u00bb][\/et_pb_image][\/et_pb_column][et_pb_column type=\u00a0\u00bb2_3&Prime; _builder_version=\u00a0\u00bb4.19.4&Prime; _module_preset=\u00a0\u00bbdefault\u00a0\u00bb custom_padding=\u00a0\u00bb120px|50px|200px||false|false\u00a0\u00bb custom_padding_tablet=\u00a0\u00bb50px|25px|50px|25px|false|false\u00a0\u00bb custom_padding_phone=\u00a0\u00bb|25px||25px|false|false\u00a0\u00bb custom_padding_last_edited=\u00a0\u00bbon|desktop\u00a0\u00bb global_colors_info=\u00a0\u00bb{}\u00a0\u00bb][et_pb_text admin_label=\u00a0\u00bb\u00dcBER D\u00c9ESSE\u00a0\u00bb _builder_version=\u00a0\u00bb4.19.4&Prime; _module_preset=\u00a0\u00bbdefault\u00a0\u00bb header_2_font=\u00a0\u00bb|||on|||||\u00a0\u00bb custom_margin=\u00a0\u00bb||0px||false|false\u00a0\u00bb custom_padding=\u00a0\u00bb||0px||false|false\u00a0\u00bb global_colors_info=\u00a0\u00bb{}\u00a0\u00bb]<\/p>\n<h1>\u00c0 PROPOS DE <em>D\u00c9ESSE<\/em><\/h1>\n<p>[\/et_pb_text][et_pb_text _builder_version=\u00a0\u00bb4.22.1&Prime; _module_preset=\u00a0\u00bbdefault\u00a0\u00bb text_font_size=\u00a0\u00bb18px\u00a0\u00bb text_line_height=\u00a0\u00bb2em\u00a0\u00bb max_width=\u00a0\u00bb950px\u00a0\u00bb module_alignment=\u00a0\u00bbleft\u00a0\u00bb custom_margin=\u00a0\u00bb||3em||false|false\u00a0\u00bb global_colors_info=\u00a0\u00bb{}\u00a0\u00bb]Depuis 50 ans, nous fabriquons des cosm\u00e9tiques et des compl\u00e9ments alimentaires en nous inscrivant dans une d\u00e9marche de d\u00e9veloppement durable. Avec notre communaut\u00e9 beaut\u00e9 qui conna\u00eet une forte croissance \u00e0 l\u2019international et qui compte plus de 16 000 distributeurs, nous rendons heureux des millions de clients chaque jour dans le monde.<\/p>\n<p>Depuis 1971, nous aidons des milliers de gens \u00e0 atteindre leurs objectifs individuels. \u00c0 cet \u00e9gard, nous donnons l\u2019opportunit\u00e9, avec notre concept beauty business D\u00e9esse, de travailler \u00e0 son compte, sans aucun risque, et devenir ainsi financi\u00e8rement ind\u00e9pendant, en toute flexibilit\u00e9 et dans le monde entier, pour un succ\u00e8s durable.<\/p>\n<p>Entreprise familiale entr\u00e9e dans sa deuxi\u00e8me g\u00e9n\u00e9ration, D\u00e9esse a son si\u00e8ge social en Suisse, \u00e0 Oetwill am See, et sa succursale europ\u00e9enne se trouve \u00e0 Oberhaching, non loin de Munich.[\/et_pb_text][\/et_pb_column][\/et_pb_row][et_pb_row column_structure=\u00a0\u00bb1_3,1_3,1_3&Prime; make_equal=\u00a0\u00bbon\u00a0\u00bb custom_padding_last_edited=\u00a0\u00bbon|desktop\u00a0\u00bb module_class=\u00a0\u00bbabout-places-wrapper\u00a0\u00bb _builder_version=\u00a0\u00bb4.19.4&Prime; _module_preset=\u00a0\u00bbdefault\u00a0\u00bb positioning=\u00a0\u00bbabsolute\u00a0\u00bb position_origin_a=\u00a0\u00bbbottom_right\u00a0\u00bb vertical_offset=\u00a0\u00bb-50px\u00a0\u00bb z_index=\u00a0\u00bb99&Prime; vertical_offset_tablet=\u00a0\u00bb0px\u00a0\u00bb vertical_offset_phone=\u00a0\u00bb0px\u00a0\u00bb vertical_offset_last_edited=\u00a0\u00bbon|desktop\u00a0\u00bb position_origin_a_tablet=\u00a0\u00bbbottom_right\u00a0\u00bb position_origin_a_phone=\u00a0\u00bbbottom_right\u00a0\u00bb position_origin_a_last_edited=\u00a0\u00bbon|desktop\u00a0\u00bb position_origin_f_tablet=\u00a0\u00bb\u00a0\u00bb position_origin_f_phone=\u00a0\u00bb\u00a0\u00bb position_origin_f_last_edited=\u00a0\u00bbon|desktop\u00a0\u00bb position_origin_r_tablet=\u00a0\u00bb\u00a0\u00bb position_origin_r_phone=\u00a0\u00bb\u00a0\u00bb position_origin_r_last_edited=\u00a0\u00bbon|desktop\u00a0\u00bb width=\u00a0\u00bb100%\u00a0\u00bb custom_margin=\u00a0\u00bb0px||0px||false|false\u00a0\u00bb custom_padding=\u00a0\u00bb0px||0px||false|false\u00a0\u00bb custom_padding_tablet=\u00a0\u00bb|25px||25px|false|true\u00a0\u00bb custom_padding_phone=\u00a0\u00bb|25px||25px|false|true\u00a0\u00bb positioning_tablet=\u00a0\u00bbrelative\u00a0\u00bb positioning_phone=\u00a0\u00bbrelative\u00a0\u00bb positioning_last_edited=\u00a0\u00bbon|tablet\u00a0\u00bb global_colors_info=\u00a0\u00bb{}\u00a0\u00bb][et_pb_column type=\u00a0\u00bb1_3&Prime; _builder_version=\u00a0\u00bb4.19.4&Prime; _module_preset=\u00a0\u00bbdefault\u00a0\u00bb global_colors_info=\u00a0\u00bb{}\u00a0\u00bb][\/et_pb_column][et_pb_column type=\u00a0\u00bb1_3&Prime; _builder_version=\u00a0\u00bb4.19.4&Prime; _module_preset=\u00a0\u00bbdefault\u00a0\u00bb global_colors_info=\u00a0\u00bb{}\u00a0\u00bb][et_pb_code admin_label=\u00a0\u00bbOetwil am See\u00a0\u00bb module_class=\u00a0\u00bbabout-place\u00a0\u00bb _builder_version=\u00a0\u00bb4.22.1&Prime; _module_preset=\u00a0\u00bbdefault\u00a0\u00bb global_colors_info=\u00a0\u00bb{}\u00a0\u00bb]<img loading=\"lazy\" decoding=\"async\" class=\"wp-image-2322 alignnone size-full\" src=\"https:\/\/www.deesse.com\/wp-content\/uploads\/2023\/02\/Oetwil-am-See-Zuerich-Schweiz.webp\" alt=\"Oetwil am See Z\u00fcrich,  Schweiz\" width=\"520\" height=\"411\" srcset=\"https:\/\/www.deesse.com\/wp-content\/uploads\/2023\/02\/Oetwil-am-See-Zuerich-Schweiz.webp 520w, https:\/\/www.deesse.com\/wp-content\/uploads\/2023\/02\/Oetwil-am-See-Zuerich-Schweiz-480x379.webp 480w\" sizes=\"(min-width: 0px) and (max-width: 480px) 480px, (min-width: 481px) 520px, 100vw\" \/><!-- [et_pb_line_break_holder] --><pee>Oetwil am See<!\u2013- [et_pb_br_holder] -\u2013>Zurich,<!\u2013- [et_pb_br_holder] -\u2013>Suisse<\/pee>[\/et_pb_code][\/et_pb_column][et_pb_column type=\u00a0\u00bb1_3&Prime; _builder_version=\u00a0\u00bb4.19.4&Prime; _module_preset=\u00a0\u00bbdefault\u00a0\u00bb custom_css_main_element=\u00a0\u00bbwidth: auto;\u00a0\u00bb global_colors_info=\u00a0\u00bb{}\u00a0\u00bb][et_pb_code disabled_on=\u00a0\u00bbon|on|on\u00a0\u00bb admin_label=\u00a0\u00bbSauerlach\u00a0\u00bb module_class=\u00a0\u00bbabout-place\u00a0\u00bb _builder_version=\u00a0\u00bb4.22.1&Prime; _module_preset=\u00a0\u00bbdefault\u00a0\u00bb disabled=\u00a0\u00bbon\u00a0\u00bb global_colors_info=\u00a0\u00bb{}\u00a0\u00bb]<img loading=\"lazy\" decoding=\"async\" class=\"wp-image-2328 alignnone size-full\" src=\"https:\/\/www.deesse.com\/wp-content\/uploads\/2023\/02\/Sauerlach-Muenchen-Deutschland.webp\" alt=\"Sauerlach M\u00fcnchen, Deutschland\" width=\"521\" height=\"412\" srcset=\"https:\/\/www.deesse.com\/wp-content\/uploads\/2023\/02\/Sauerlach-Muenchen-Deutschland.webp 521w, https:\/\/www.deesse.com\/wp-content\/uploads\/2023\/02\/Sauerlach-Muenchen-Deutschland-480x380.webp 480w\" sizes=\"(min-width: 0px) and (max-width: 480px) 480px, (min-width: 481px) 521px, 100vw\" \/><!-- [et_pb_line_break_holder] --><pee>Sauerlach<!\u2013- [et_pb_br_holder] -\u2013>Munich,<!\u2013- [et_pb_br_holder] -\u2013>Allemagne<\/pee>[\/et_pb_code][\/et_pb_column][\/et_pb_row][\/et_pb_section][et_pb_section fb_built=\u00a0\u00bb1&Prime; _builder_version=\u00a0\u00bb4.19.4&Prime; _module_preset=\u00a0\u00bbdefault\u00a0\u00bb background_color=\u00a0\u00bb#DF8190&Prime; background_enable_image=\u00a0\u00bboff\u00a0\u00bb z_index=\u00a0\u00bb99&Prime; global_colors_info=\u00a0\u00bb{}\u00a0\u00bb][et_pb_row _builder_version=\u00a0\u00bb4.19.3&Prime; _module_preset=\u00a0\u00bbdefault\u00a0\u00bb global_colors_info=\u00a0\u00bb{}\u00a0\u00bb][et_pb_column type=\u00a0\u00bb4_4&Prime; _builder_version=\u00a0\u00bb4.19.3&Prime; _module_preset=\u00a0\u00bbdefault\u00a0\u00bb global_colors_info=\u00a0\u00bb{}\u00a0\u00bb][et_pb_text admin_label=\u00a0\u00bbDas zeichnet uns aus\u00a0\u00bb _builder_version=\u00a0\u00bb4.19.4&Prime; _module_preset=\u00a0\u00bbdefault\u00a0\u00bb header_2_font=\u00a0\u00bb|||on|||||\u00a0\u00bb header_2_text_align=\u00a0\u00bbcenter\u00a0\u00bb text_orientation=\u00a0\u00bbcenter\u00a0\u00bb custom_margin=\u00a0\u00bb||0px||false|false\u00a0\u00bb custom_padding=\u00a0\u00bb||0px||false|false\u00a0\u00bb global_colors_info=\u00a0\u00bb{}\u00a0\u00bb]<\/p>\n<h2><em>CE QUI<\/em> NOUS CARACT\u00c9RISE<\/h2>\n<p>[\/et_pb_text][\/et_pb_column][\/et_pb_row][et_pb_row column_structure=\u00a0\u00bb1_2,1_2&Prime; _builder_version=\u00a0\u00bb4.19.4&Prime; _module_preset=\u00a0\u00bbdefault\u00a0\u00bb max_width=\u00a0\u00bb1400px\u00a0\u00bb module_alignment=\u00a0\u00bbcenter\u00a0\u00bb global_colors_info=\u00a0\u00bb{}\u00a0\u00bb][et_pb_column type=\u00a0\u00bb1_2&Prime; _builder_version=\u00a0\u00bb4.19.4&Prime; _module_preset=\u00a0\u00bbdefault\u00a0\u00bb global_colors_info=\u00a0\u00bb{}\u00a0\u00bb][et_pb_text module_class=\u00a0\u00bbcustom-ul\u00a0\u00bb _builder_version=\u00a0\u00bb4.19.4&Prime; _module_preset=\u00a0\u00bbdefault\u00a0\u00bb text_text_color=\u00a0\u00bb#000000&Prime; global_colors_info=\u00a0\u00bb{}\u00a0\u00bb]<\/p>\n<ul>\n<li>Un partenaire fort avec un <strong>grand savoir-faire<\/strong> dans le domaine de la beaut\u00e9 et dans la vente directe.<\/li>\n<li>Une grande <strong>communaut\u00e9 beaut\u00e9<\/strong> \u2013 une \u00e9quipe \u2013 une famille<\/li>\n<li>Des produits de <strong>qualit\u00e9 sup\u00e9rieure<\/strong> fabriqu\u00e9s en Suisse \u2013 sur la base des derni\u00e8res connaissances scientifiques et en s\u2019inspirant de la nature<\/li>\n<li>Un <strong>concept prometteur<\/strong> permettant de travailler pour son compte, en ligne et hors ligne, sans investissement propre et sans risque.<\/li>\n<li><strong>Boutique en ligne<\/strong> personnalis\u00e9e \u2013 flexibilit\u00e9 pour toi et tes clientes et clients.<\/li>\n<\/ul>\n<p>[\/et_pb_text][\/et_pb_column][et_pb_column type=\u00a0\u00bb1_2&Prime; _builder_version=\u00a0\u00bb4.19.3&Prime; _module_preset=\u00a0\u00bbdefault\u00a0\u00bb global_colors_info=\u00a0\u00bb{}\u00a0\u00bb][et_pb_text module_class=\u00a0\u00bbcustom-ul\u00a0\u00bb _builder_version=\u00a0\u00bb4.19.4&Prime; _module_preset=\u00a0\u00bbdefault\u00a0\u00bb global_colors_info=\u00a0\u00bb{}\u00a0\u00bb]<\/p>\n<ul>\n<li><strong>Do what you love:<\/strong> chez nous, tu suis tes passions \u2013 quels que soit tes int\u00e9r\u00eats (cosm\u00e9tiques, maquillage ou compl\u00e9ments alimentaires ou tout \u00e0 la fois), tu peux te sp\u00e9cialiser \u00e0 ta convenance.<\/li>\n<li>Des <strong>opportunit\u00e9s de carri\u00e8re et de r\u00e9mun\u00e9ration<\/strong> int\u00e9ressantes et une organisation flexible du travail<\/li>\n<li>Des <strong>formations professionnelles et continues <\/strong> gratuites sur les th\u00e8mes de la beaut\u00e9, du business, de la carri\u00e8re, du mindset, du social selling<\/li>\n<li>Des <strong>coachings et \u00e9v\u00e9nements live<\/strong> r\u00e9guliers<\/li>\n<li>Des <strong>avantages suppl\u00e9mentaires et des voyages lointains<\/strong> de grande valeur<\/li>\n<\/ul>\n<p>[\/et_pb_text][\/et_pb_column][\/et_pb_row][\/et_pb_section][et_pb_section fb_built=\u00a0\u00bb1&Prime; module_class=\u00a0\u00bbmarquee-wrapper\u00a0\u00bb _builder_version=\u00a0\u00bb4.19.4&Prime; _module_preset=\u00a0\u00bbdefault\u00a0\u00bb background_color=\u00a0\u00bb#000000&Prime; custom_margin=\u00a0\u00bb0px||0px||true|false\u00a0\u00bb custom_padding=\u00a0\u00bb15px||15px||true|false\u00a0\u00bb global_colors_info=\u00a0\u00bb{}\u00a0\u00bb][et_pb_row _builder_version=\u00a0\u00bb4.19.4&Prime; _module_preset=\u00a0\u00bbdefault\u00a0\u00bb width=\u00a0\u00bb100%\u00a0\u00bb module_alignment=\u00a0\u00bbcenter\u00a0\u00bb custom_margin=\u00a0\u00bb0px||0px||true|false\u00a0\u00bb custom_padding=\u00a0\u00bb0px||0px||false|false\u00a0\u00bb global_colors_info=\u00a0\u00bb{}\u00a0\u00bb][et_pb_column type=\u00a0\u00bb4_4&Prime; _builder_version=\u00a0\u00bb4.19.4&Prime; _module_preset=\u00a0\u00bbdefault\u00a0\u00bb global_colors_info=\u00a0\u00bb{}\u00a0\u00bb][et_pb_code admin_label=\u00a0\u00bbCode\u00a0\u00bb _builder_version=\u00a0\u00bb4.19.4&Prime; _module_preset=\u00a0\u00bbdefault\u00a0\u00bb global_colors_info=\u00a0\u00bb{}\u00a0\u00bb]<\/p>\n<div class=\"marquee\"><!-- [et_pb_line_break_holder] -->  <\/p>\n<div class=\"track\"><!-- [et_pb_line_break_holder] -->    <\/p>\n<div class=\"content\">Let\u2019s Beautify the World together! +++ Let\u2019s Beautify the World together! +++ Let\u2019s Beautify the World together! +++ Let\u2019s Beautify the World together! +++ Let\u2019s Beautify the World together! +++ Let\u2019s Beautify the World together! +++ Let\u2019s Beautify the World together! +++ Let\u2019s Beautify the World together! +++ <\/div>\n<p><!-- [et_pb_line_break_holder] -->  <\/div>\n<p><!-- [et_pb_line_break_holder] --><\/div>\n<p>[\/et_pb_code][\/et_pb_column][\/et_pb_row][\/et_pb_section][et_pb_section fb_built=\u00a0\u00bb1&Prime; _builder_version=\u00a0\u00bb4.19.4&Prime; _module_preset=\u00a0\u00bbdefault\u00a0\u00bb global_colors_info=\u00a0\u00bb{}\u00a0\u00bb][et_pb_row _builder_version=\u00a0\u00bb4.19.4&Prime; _module_preset=\u00a0\u00bbdefault\u00a0\u00bb global_colors_info=\u00a0\u00bb{}\u00a0\u00bb][et_pb_column type=\u00a0\u00bb4_4&Prime; _builder_version=\u00a0\u00bb4.19.4&Prime; _module_preset=\u00a0\u00bbdefault\u00a0\u00bb global_colors_info=\u00a0\u00bb{}\u00a0\u00bb][et_pb_text admin_label=\u00a0\u00bbunsere mission:\u00a0\u00bb _builder_version=\u00a0\u00bb4.19.4&Prime; _module_preset=\u00a0\u00bbdefault\u00a0\u00bb header_3_text_align=\u00a0\u00bbcenter\u00a0\u00bb custom_margin=\u00a0\u00bb||45px||false|false\u00a0\u00bb custom_padding=\u00a0\u00bb||0px||false|false\u00a0\u00bb header_3_font_size_tablet=\u00a0\u00bb\u00a0\u00bb header_3_font_size_phone=\u00a0\u00bb\u00a0\u00bb header_3_font_size_last_edited=\u00a0\u00bbon|desktop\u00a0\u00bb global_colors_info=\u00a0\u00bb{}\u00a0\u00bb]<\/p>\n<h3>NOTRE MISSION :<\/h3>\n<p>[\/et_pb_text][et_pb_text admin_label=\u00a0\u00bbMenschen eine erfolgreiche Selbstst\u00e4ndigkeit zu erm\u00f6glichen und das in jedem Dorf und jeder Stadt!\u00a0\u00bb _builder_version=\u00a0\u00bb4.27.4&Prime; _module_preset=\u00a0\u00bbdefault\u00a0\u00bb header_2_font=\u00a0\u00bb|||on|||||\u00a0\u00bb header_2_text_align=\u00a0\u00bbcenter\u00a0\u00bb text_orientation=\u00a0\u00bbcenter\u00a0\u00bb max_width=\u00a0\u00bb1100px\u00a0\u00bb module_alignment=\u00a0\u00bbcenter\u00a0\u00bb custom_margin=\u00a0\u00bb||45px||false|false\u00a0\u00bb custom_padding=\u00a0\u00bb||0px||false|false\u00a0\u00bb hover_enabled=\u00a0\u00bb0&Prime; global_colors_info=\u00a0\u00bb{}\u00a0\u00bb sticky_enabled=\u00a0\u00bb0&Prime;]<\/p>\n<h2>PERMETTRE AUX GENS DE<br \/>TRAVAILLER \u00c0 LEUR COMPTE AVEC<br \/>SUCC\u00c8S, DANS CHAQUE VILLAGE<br \/>ET CHAQUE VILLE !<\/h2>\n<p>[\/et_pb_text][et_pb_text _builder_version=\u00a0\u00bb4.19.4&Prime; _module_preset=\u00a0\u00bbdefault\u00a0\u00bb text_orientation=\u00a0\u00bbcenter\u00a0\u00bb max_width=\u00a0\u00bb950px\u00a0\u00bb module_alignment=\u00a0\u00bbcenter\u00a0\u00bb custom_margin=\u00a0\u00bb||2em||false|false\u00a0\u00bb global_colors_info=\u00a0\u00bb{}\u00a0\u00bb]<\/p>\n<p>Nous souhaiterions concr\u00e9tiser cette vision avec des partenaires commerciaux forts.<\/p>\n<p>[\/et_pb_text][et_pb_text admin_label=\u00a0\u00bbBist du dabei?\u00a0\u00bb _builder_version=\u00a0\u00bb4.19.4&Prime; _module_preset=\u00a0\u00bbdefault\u00a0\u00bb text_font=\u00a0\u00bbMontserrat Semi Bold|||on|||||\u00a0\u00bb text_text_color=\u00a0\u00bb#DF8190&Prime; text_orientation=\u00a0\u00bbcenter\u00a0\u00bb max_width=\u00a0\u00bb950px\u00a0\u00bb module_alignment=\u00a0\u00bbcenter\u00a0\u00bb global_colors_info=\u00a0\u00bb{}\u00a0\u00bb]<\/p>\n<p>ES-TU DE LA PARTIE ?<\/p>\n<p>[\/et_pb_text][et_pb_button button_url=\u00a0\u00bbhttps:\/\/shop.deesse.com\/recruitment\u00a0\u00bb url_new_window=\u00a0\u00bbon\u00a0\u00bb button_text=\u00a0\u00bbCOMMENCE AUJOURD\u2019HUI TA SUCCESS STORY AVEC NOUS !\u00a0\u00bb button_alignment=\u00a0\u00bbcenter\u00a0\u00bb admin_label=\u00a0\u00bbJETZT STARTEN\u00a0\u00bb _builder_version=\u00a0\u00bb4.19.4&Prime; _module_preset=\u00a0\u00bbdefault\u00a0\u00bb custom_button=\u00a0\u00bbon\u00a0\u00bb button_text_color=\u00a0\u00bb#FFFFFF\u00a0\u00bb button_bg_color=\u00a0\u00bb#DF8190&Prime; custom_margin=\u00a0\u00bb0px||0px||false|false\u00a0\u00bb global_colors_info=\u00a0\u00bb{}\u00a0\u00bb button_bg_color__hover_enabled=\u00a0\u00bboff|desktop\u00a0\u00bb][\/et_pb_button][\/et_pb_column][\/et_pb_row][\/et_pb_section][et_pb_section fb_built=\u00a0\u00bb1&Prime; custom_padding_last_edited=\u00a0\u00bbon|desktop\u00a0\u00bb _builder_version=\u00a0\u00bb4.19.4&Prime; _module_preset=\u00a0\u00bbdefault\u00a0\u00bb background_color=\u00a0\u00bb#f7f7f7&Prime; custom_margin=\u00a0\u00bb150px||||false|false\u00a0\u00bb custom_margin_tablet=\u00a0\u00bb0px||||false|false\u00a0\u00bb custom_margin_phone=\u00a0\u00bb0px||||false|false\u00a0\u00bb custom_margin_last_edited=\u00a0\u00bbon|desktop\u00a0\u00bb custom_padding=\u00a0\u00bb0px||0px||true|false\u00a0\u00bb custom_padding_tablet=\u00a0\u00bb50px||50px||true|false\u00a0\u00bb custom_padding_phone=\u00a0\u00bb50px||50px||true|false\u00a0\u00bb global_colors_info=\u00a0\u00bb{}\u00a0\u00bb][et_pb_row column_structure=\u00a0\u00bb1_2,1_2&Prime; module_class=\u00a0\u00bbhowitallstarted\u00a0\u00bb _builder_version=\u00a0\u00bb4.19.4&Prime; _module_preset=\u00a0\u00bbdefault\u00a0\u00bb custom_margin=\u00a0\u00bb||0px||false|false\u00a0\u00bb custom_padding=\u00a0\u00bb||0px||false|false\u00a0\u00bb global_colors_info=\u00a0\u00bb{}\u00a0\u00bb custom_css_main_element_last_edited=\u00a0\u00bbon|tablet\u00a0\u00bb custom_css_main_element_phone=\u00a0\u00bbdisplay: flex;||flex-direction: column-reverse;\u00a0\u00bb][et_pb_column type=\u00a0\u00bb1_2&Prime; _builder_version=\u00a0\u00bb4.19.3&Prime; _module_preset=\u00a0\u00bbdefault\u00a0\u00bb global_colors_info=\u00a0\u00bb{}\u00a0\u00bb][et_pb_image src=\u00a0\u00bbhttps:\/\/www.deesse.com\/wp-content\/uploads\/2023\/02\/nachhaltigkeit-als-unser-kernwert.webp\u00a0\u00bb alt=\u00a0\u00bbNACHHALTIGKEIT<br \/>\nALS UNSER KERNWERT\u00a0\u00bb title_text=\u00a0\u00bbNACHHALTIGKEIT ALS UNSER KERNWERT\u00a0\u00bb align=\u00a0\u00bbright\u00a0\u00bb module_class=\u00a0\u00bbcenterimg\u00a0\u00bb _builder_version=\u00a0\u00bb4.19.4&Prime; _module_preset=\u00a0\u00bbdefault\u00a0\u00bb transform_scale_tablet=\u00a0\u00bb\u00a0\u00bb transform_scale_phone=\u00a0\u00bb\u00a0\u00bb transform_scale_last_edited=\u00a0\u00bbon|desktop\u00a0\u00bb transform_translate=\u00a0\u00bb0px|-150px\u00a0\u00bb transform_translate_tablet=\u00a0\u00bb0px|0px\u00a0\u00bb transform_translate_phone=\u00a0\u00bb0px|0px\u00a0\u00bb transform_translate_last_edited=\u00a0\u00bbon|desktop\u00a0\u00bb transform_translate_linked=\u00a0\u00bboff\u00a0\u00bb transform_rotate_tablet=\u00a0\u00bb\u00a0\u00bb transform_rotate_phone=\u00a0\u00bb\u00a0\u00bb transform_rotate_last_edited=\u00a0\u00bbon|desktop\u00a0\u00bb transform_skew_tablet=\u00a0\u00bb\u00a0\u00bb transform_skew_phone=\u00a0\u00bb\u00a0\u00bb transform_skew_last_edited=\u00a0\u00bbon|desktop\u00a0\u00bb transform_origin_tablet=\u00a0\u00bb\u00a0\u00bb transform_origin_phone=\u00a0\u00bb\u00a0\u00bb transform_origin_last_edited=\u00a0\u00bbon|desktop\u00a0\u00bb transform_styles_last_edited=\u00a0\u00bbon|desktop\u00a0\u00bb max_width=\u00a0\u00bb675px\u00a0\u00bb module_alignment=\u00a0\u00bbright\u00a0\u00bb custom_margin=\u00a0\u00bb||0px||false|false\u00a0\u00bb custom_padding=\u00a0\u00bb||0px||false|false\u00a0\u00bb transform_styles_tablet=\u00a0\u00bb\u00a0\u00bb transform_styles_phone=\u00a0\u00bb\u00a0\u00bb global_colors_info=\u00a0\u00bb{}\u00a0\u00bb][\/et_pb_image][et_pb_image src=\u00a0\u00bbhttps:\/\/www.deesse.com\/wp-content\/uploads\/\/deesse-loves-you.svg\u00a0\u00bb title_text=\u00a0\u00bbdeesse-loves-you\u00a0\u00bb align=\u00a0\u00bbcenter\u00a0\u00bb disabled_on=\u00a0\u00bbon|on|on\u00a0\u00bb module_class=\u00a0\u00bbrotating\u00a0\u00bb _builder_version=\u00a0\u00bb4.19.4&Prime; _module_preset=\u00a0\u00bbdefault\u00a0\u00bb positioning=\u00a0\u00bbabsolute\u00a0\u00bb position_origin_a=\u00a0\u00bbbottom_right\u00a0\u00bb width=\u00a0\u00bb100%\u00a0\u00bb custom_margin=\u00a0\u00bb0px||0px||true|false\u00a0\u00bb custom_padding=\u00a0\u00bb0px||0px||true|false\u00a0\u00bb custom_css_main_element=\u00a0\u00bbdisplay: inline-block;||width: auto;\u00a0\u00bb disabled=\u00a0\u00bbon\u00a0\u00bb global_colors_info=\u00a0\u00bb{}\u00a0\u00bb][\/et_pb_image][\/et_pb_column][et_pb_column type=\u00a0\u00bb1_2&Prime; _builder_version=\u00a0\u00bb4.19.4&Prime; _module_preset=\u00a0\u00bbdefault\u00a0\u00bb custom_padding=\u00a0\u00bb100px||180px||false|false\u00a0\u00bb custom_padding_tablet=\u00a0\u00bb100px||0px||false|false\u00a0\u00bb custom_padding_phone=\u00a0\u00bb50px||||false|false\u00a0\u00bb custom_padding_last_edited=\u00a0\u00bbon|phone\u00a0\u00bb global_colors_info=\u00a0\u00bb{}\u00a0\u00bb][et_pb_text admin_label=\u00a0\u00bbNachhaltigkeit als unser Kernwert\u00a0\u00bb _builder_version=\u00a0\u00bb4.19.4&Prime; _module_preset=\u00a0\u00bbdefault\u00a0\u00bb header_2_font=\u00a0\u00bb|||on|||||\u00a0\u00bb max_width_tablet=\u00a0\u00bb\u00a0\u00bb max_width_phone=\u00a0\u00bb350px\u00a0\u00bb max_width_last_edited=\u00a0\u00bbon|phone\u00a0\u00bb custom_margin=\u00a0\u00bb||50px||false|false\u00a0\u00bb custom_padding=\u00a0\u00bb||||false|false\u00a0\u00bb global_colors_info=\u00a0\u00bb{}\u00a0\u00bb]<\/p>\n<h2><em>LE D\u00c9VELOPPEMENT DURABLE<\/em> <br \/> NOTRE VALEUR <br \/>FONDAMENTALE<\/h2>\n<p>[\/et_pb_text][et_pb_text _builder_version=\u00a0\u00bb4.19.4&Prime; _module_preset=\u00a0\u00bbdefault\u00a0\u00bb text_font_size=\u00a0\u00bb18px\u00a0\u00bb text_line_height=\u00a0\u00bb2em\u00a0\u00bb max_width=\u00a0\u00bb810px\u00a0\u00bb module_alignment=\u00a0\u00bbleft\u00a0\u00bb global_colors_info=\u00a0\u00bb{}\u00a0\u00bb]<\/p>\n<p>Fabriquer des produits de qualit\u00e9 sup\u00e9rieure, ce n\u2019est pas seulement notre force, c\u2019est aussi notre priorit\u00e9. Ainsi, pour le d\u00e9veloppement de nos produits, nous ne veillons pas uniquement aux tendances actuelles, mais aussi au respect de normes de qualit\u00e9 \u00e9lev\u00e9es et au d\u00e9veloppement durable.<\/p>\n<p>Nous aimons les animaux. Ainsi, nos produits  <strong>ne sont pas test\u00e9s sur les animaux<\/strong>, et ce depuis toujours ! Nous disposons d\u2019une large palette de produits  <strong>v\u00e9ganes<\/strong> qui ne contiennent aucun ingr\u00e9dient d&rsquo;origine animale.<\/p>\n<p>Nous travaillons depuis plus de 30 ans avec le <strong>syst\u00e8me de recharge<\/strong>. Avec ce concept, nous \u00e9tions d\u00e9j\u00e0 auparavant des pr\u00e9curseurs en mati\u00e8re d\u2019environnement. L\u2019impact sur l\u2019environnement en est doublement r\u00e9duit. D\u2019une part, nos produits g\u00e9n\u00e8rent moins de d\u00e9chets et d\u2019autre part on utilise moins de ressources. <\/p>\n<p>Nous utilisons le <strong>syst\u00e8me de distributeur<\/strong> et travaillons sur des emballages certes jolis, mais aussi durables. Ainsi, le produit est prot\u00e9g\u00e9 des d\u00e9colorations ou des alt\u00e9rations dues \u00e0 l\u2019oxydation. Ceci permet de garantir une conservation sans impuret\u00e9s.<\/p>\n<p>[\/et_pb_text][\/et_pb_column][\/et_pb_row][et_pb_row _builder_version=\u00a0\u00bb4.19.3&Prime; _module_preset=\u00a0\u00bbdefault\u00a0\u00bb custom_margin=\u00a0\u00bb0px||||false|false\u00a0\u00bb custom_padding=\u00a0\u00bb0px||||false|false\u00a0\u00bb global_colors_info=\u00a0\u00bb{}\u00a0\u00bb][et_pb_column type=\u00a0\u00bb4_4&Prime; _builder_version=\u00a0\u00bb4.19.3&Prime; _module_preset=\u00a0\u00bbdefault\u00a0\u00bb global_colors_info=\u00a0\u00bb{}\u00a0\u00bb][et_pb_text admin_label=\u00a0\u00bb#TOGETHERWEARESTRONG\u00a0\u00bb module_class=\u00a0\u00bbtogetherwearestrong\u00a0\u00bb _builder_version=\u00a0\u00bb4.19.4&Prime; _module_preset=\u00a0\u00bbdefault\u00a0\u00bb text_font=\u00a0\u00bbMontserrat Semi Bold||||||||\u00a0\u00bb text_text_color=\u00a0\u00bb#DF8190&Prime; text_orientation=\u00a0\u00bbcenter\u00a0\u00bb custom_css_main_element=\u00a0\u00bbopacity: 1 !important;\u00a0\u00bb global_colors_info=\u00a0\u00bb{}\u00a0\u00bb]<\/p>\n<p>#TOGETHERWEARESTRONG<\/p>\n<p>[\/et_pb_text][\/et_pb_column][\/et_pb_row][\/et_pb_section][et_pb_section fb_built=\u00a0\u00bb1&Prime; custom_padding_last_edited=\u00a0\u00bbon|desktop\u00a0\u00bb disabled_on=\u00a0\u00bbon|on|on\u00a0\u00bb _builder_version=\u00a0\u00bb4.19.4&Prime; _module_preset=\u00a0\u00bbdefault\u00a0\u00bb background_enable_color=\u00a0\u00bboff\u00a0\u00bb custom_margin=\u00a0\u00bb0px||||false|false\u00a0\u00bb custom_margin_tablet=\u00a0\u00bb0px||||false|false\u00a0\u00bb custom_margin_phone=\u00a0\u00bb0px||||false|false\u00a0\u00bb custom_margin_last_edited=\u00a0\u00bbon|desktop\u00a0\u00bb custom_padding=\u00a0\u00bb0px||0px||true|false\u00a0\u00bb custom_padding_tablet=\u00a0\u00bb50px||50px||true|false\u00a0\u00bb custom_padding_phone=\u00a0\u00bb50px||50px||true|false\u00a0\u00bb disabled=\u00a0\u00bbon\u00a0\u00bb global_colors_info=\u00a0\u00bb{}\u00a0\u00bb][et_pb_row column_structure=\u00a0\u00bb1_2,1_2&Prime; custom_padding_last_edited=\u00a0\u00bbon|desktop\u00a0\u00bb disabled_on=\u00a0\u00bboff|off|off\u00a0\u00bb module_class=\u00a0\u00bbhowitallstarted\u00a0\u00bb _builder_version=\u00a0\u00bb4.19.4&Prime; _module_preset=\u00a0\u00bbdefault\u00a0\u00bb width=\u00a0\u00bb100%\u00a0\u00bb width_tablet=\u00a0\u00bb90%\u00a0\u00bb width_phone=\u00a0\u00bb\u00a0\u00bb width_last_edited=\u00a0\u00bbon|desktop\u00a0\u00bb custom_margin=\u00a0\u00bb||0px||false|false\u00a0\u00bb custom_padding=\u00a0\u00bb||0px|5%|false|false\u00a0\u00bb custom_padding_tablet=\u00a0\u00bb|||0%|false|false\u00a0\u00bb custom_padding_phone=\u00a0\u00bb|||0%|false|false\u00a0\u00bb global_colors_info=\u00a0\u00bb{}\u00a0\u00bb custom_css_main_element_last_edited=\u00a0\u00bbon|tablet\u00a0\u00bb custom_css_main_element_tablet=\u00a0\u00bbdisplay: flex;||flex-direction: column-reverse;\u00a0\u00bb custom_css_main_element_phone=\u00a0\u00bbdisplay: flex;||flex-direction: column-reverse;\u00a0\u00bb][et_pb_column type=\u00a0\u00bb1_2&Prime; _builder_version=\u00a0\u00bb4.19.4&Prime; _module_preset=\u00a0\u00bbdefault\u00a0\u00bb custom_padding=\u00a0\u00bb100px||50px||false|false\u00a0\u00bb custom_padding_tablet=\u00a0\u00bb100px||0px||false|false\u00a0\u00bb custom_padding_phone=\u00a0\u00bb50px||||false|false\u00a0\u00bb custom_padding_last_edited=\u00a0\u00bbon|desktop\u00a0\u00bb global_colors_info=\u00a0\u00bb{}\u00a0\u00bb][et_pb_text admin_label=\u00a0\u00bbSoziale Verantwortung\u00a0\u00bb _builder_version=\u00a0\u00bb4.19.4&Prime; _module_preset=\u00a0\u00bbdefault\u00a0\u00bb header_2_font=\u00a0\u00bb|||on|||||\u00a0\u00bb max_width_tablet=\u00a0\u00bb\u00a0\u00bb max_width_phone=\u00a0\u00bb350px\u00a0\u00bb max_width_last_edited=\u00a0\u00bbon|phone\u00a0\u00bb custom_margin=\u00a0\u00bb||50px||false|false\u00a0\u00bb custom_padding=\u00a0\u00bb||||false|false\u00a0\u00bb global_colors_info=\u00a0\u00bb{}\u00a0\u00bb]<\/p>\n<h2>Soziale<br \/><em>Verantwortung<\/em><\/h2>\n<p>[\/et_pb_text][et_pb_text _builder_version=\u00a0\u00bb4.19.4&Prime; _module_preset=\u00a0\u00bbdefault\u00a0\u00bb text_font_size=\u00a0\u00bb18px\u00a0\u00bb text_line_height=\u00a0\u00bb2em\u00a0\u00bb max_width=\u00a0\u00bb675px\u00a0\u00bb module_alignment=\u00a0\u00bbleft\u00a0\u00bb global_colors_info=\u00a0\u00bb{}\u00a0\u00bb]<\/p>\n<p>Durch die Stiftung \u201eD\u00e9esse for children\u201c ist es uns m\u00f6glich dort zu helfen, wo Hilfe ben\u00f6tigt wird.<\/p>\n<p>Die Stiftung \u201eD\u00e9esse for children\u201c unterst\u00fctzt schon seit unz\u00e4hligen Jahren Institutionen und Einrichtungen in Rum\u00e4nien, um den Schw\u00e4chsten zu helfen. Inzwischen bieten sogar zwei eigene Kinderheime 160 Kindern ein neues Zuhause, in welchem sie eine liebevolle und unbeschwerte Kindheit erleben d\u00fcrfen. Dort erhalten sie ein umfangreiches Ausbildungsangebot mit Zukunftsperspektive.<\/p>\n<p>Seit einigen Jahren hat auch ein Altersheim seinen Betrieb aufgenommen, welches unz\u00e4hligen Menschen einen w\u00fcrdigen Lebensabend bietet.<\/p>\n<p>Ausserdem wird im Namen der Stiftung eine Zahnarztpraxis gef\u00fchrt, die nicht nur die Bewohner unserer eigenen Institutionen nutzen k\u00f6nnen, sondern die auch externen Patienten bezahlbare Behandlungen bietet. Die Praxis tr\u00e4gt sich durch dieses Modell finanziell selbst. Genau auf dieselbe Art funktioniert eine k\u00fcrzlich er\u00f6ffnete B\u00e4ckerei; sie versorgt unsere eignen Einrichtungen mit Backwaren und hat gleichzeitig f\u00fcr den normalen Verkauf ge\u00f6ffnet, womit die Gesamtkosten gedeckt werden k\u00f6nnen.<\/p>\n<p>[\/et_pb_text][\/et_pb_column][et_pb_column type=\u00a0\u00bb1_2&Prime; _builder_version=\u00a0\u00bb4.19.3&Prime; _module_preset=\u00a0\u00bbdefault\u00a0\u00bb global_colors_info=\u00a0\u00bb{}\u00a0\u00bb][et_pb_image src=\u00a0\u00bbhttps:\/\/www.deesse.com\/wp-content\/uploads\/2023\/02\/soziale-verantwortung.webp\u00a0\u00bb alt=\u00a0\u00bbSoziale Verantwortung\u00a0\u00bb title_text=\u00a0\u00bbSoziale Verantwortung\u00a0\u00bb module_class=\u00a0\u00bbcenterimg\u00a0\u00bb _builder_version=\u00a0\u00bb4.19.4&Prime; _module_preset=\u00a0\u00bbdefault\u00a0\u00bb transform_scale_tablet=\u00a0\u00bb\u00a0\u00bb transform_scale_phone=\u00a0\u00bb\u00a0\u00bb transform_scale_last_edited=\u00a0\u00bbon|desktop\u00a0\u00bb transform_translate=\u00a0\u00bb0px|-150px\u00a0\u00bb transform_translate_tablet=\u00a0\u00bb0px|0px\u00a0\u00bb transform_translate_phone=\u00a0\u00bb0px|0px\u00a0\u00bb transform_translate_last_edited=\u00a0\u00bbon|desktop\u00a0\u00bb transform_translate_linked=\u00a0\u00bboff\u00a0\u00bb transform_rotate_tablet=\u00a0\u00bb\u00a0\u00bb transform_rotate_phone=\u00a0\u00bb\u00a0\u00bb transform_rotate_last_edited=\u00a0\u00bbon|desktop\u00a0\u00bb transform_skew_tablet=\u00a0\u00bb\u00a0\u00bb transform_skew_phone=\u00a0\u00bb\u00a0\u00bb transform_skew_last_edited=\u00a0\u00bbon|desktop\u00a0\u00bb transform_origin_tablet=\u00a0\u00bb\u00a0\u00bb transform_origin_phone=\u00a0\u00bb\u00a0\u00bb transform_origin_last_edited=\u00a0\u00bbon|desktop\u00a0\u00bb transform_styles_last_edited=\u00a0\u00bbon|desktop\u00a0\u00bb transform_styles_tablet=\u00a0\u00bb\u00a0\u00bb transform_styles_phone=\u00a0\u00bb\u00a0\u00bb global_colors_info=\u00a0\u00bb{}\u00a0\u00bb][\/et_pb_image][\/et_pb_column][\/et_pb_row][et_pb_row _builder_version=\u00a0\u00bb4.19.3&Prime; _module_preset=\u00a0\u00bbdefault\u00a0\u00bb custom_margin=\u00a0\u00bb0px||||false|false\u00a0\u00bb custom_padding=\u00a0\u00bb0px||||false|false\u00a0\u00bb global_colors_info=\u00a0\u00bb{}\u00a0\u00bb][et_pb_column type=\u00a0\u00bb4_4&Prime; _builder_version=\u00a0\u00bb4.19.3&Prime; _module_preset=\u00a0\u00bbdefault\u00a0\u00bb global_colors_info=\u00a0\u00bb{}\u00a0\u00bb][et_pb_text admin_label=\u00a0\u00bb#TOGETHERWEARESTRONG\u00a0\u00bb module_class=\u00a0\u00bbtogetherwearestrong\u00a0\u00bb _builder_version=\u00a0\u00bb4.19.4&Prime; _module_preset=\u00a0\u00bbdefault\u00a0\u00bb text_font=\u00a0\u00bbMontserrat Semi Bold||||||||\u00a0\u00bb text_text_color=\u00a0\u00bb#DF8190&Prime; text_orientation=\u00a0\u00bbcenter\u00a0\u00bb custom_css_main_element=\u00a0\u00bbopacity: 1 !important;\u00a0\u00bb global_colors_info=\u00a0\u00bb{}\u00a0\u00bb]<\/p>\n<p>#TOGETHERWEARESTRONG<\/p>\n<p>[\/et_pb_text][\/et_pb_column][\/et_pb_row][\/et_pb_section]<\/p>\n","protected":false},"excerpt":{"rendered":"<p>\u00c0 PROPOS DE D\u00c9ESSEDepuis 50 ans, nous fabriquons des cosm\u00e9tiques et des compl\u00e9ments alimentaires en nous inscrivant dans une d\u00e9marche de d\u00e9veloppement durable. Avec notre communaut\u00e9 beaut\u00e9 qui conna\u00eet une [&hellip;]<\/p>\n","protected":false},"author":1,"featured_media":2325,"parent":0,"menu_order":0,"comment_status":"closed","ping_status":"closed","template":"","meta":{"_acf_changed":false,"_et_pb_use_builder":"on","_et_pb_old_content":"[et_pb_section fb_built=\"1\" _builder_version=\"4.19.4\" _module_preset=\"default\" z_index=\"999\" custom_margin=\"0px||0px||false|false\" custom_padding=\"0px||0px||false|false\" global_colors_info=\"{}\"][et_pb_row column_structure=\"1_3,2_3\" make_equal=\"on\" _builder_version=\"4.19.4\" _module_preset=\"default\" width=\"100%\" custom_margin=\"0px||0px||false|false\" custom_padding=\"0px||0px||false|false\" global_colors_info=\"{}\" custom_css_main_element_last_edited=\"off|desktop\" custom_css_main_element_phone=\"display: block;\"][et_pb_column type=\"1_3\" module_class=\"iconcol\" _builder_version=\"4.19.4\" _module_preset=\"default\" background_enable_color=\"off\" background_image=\"https:\/\/www.deesse.com\/wp-content\/uploads\/2023\/02\/ueber-deesse-schweiz.webp\" custom_padding=\"120px||120px||false|false\" custom_padding_tablet=\"0px||0px||false|false\" custom_padding_phone=\"0px||0px||false|false\" custom_padding_last_edited=\"on|desktop\" background_last_edited=\"on|phone\" background_enable_image_tablet=\"off\" global_colors_info=\"{}\"][et_pb_image src=\"https:\/\/www.deesse.com\/wp-content\/uploads\/2023\/02\/ueber-deesse-schweiz.webp\" alt=\"Deesse Cosmetics of Switzerland\" title_text=\"Deesse Cosmetics of Switzerland\" align=\"center\" src_tablet=\"https:\/\/www.deesse.com\/wp-content\/uploads\/2023\/02\/ueber-deesse-schweiz.webp\" src_phone=\"https:\/\/www.deesse.com\/wp-content\/uploads\/2023\/02\/ueber-deesse-schweiz.webp\" src_last_edited=\"off|desktop\" disabled_on=\"off|off|on\" _builder_version=\"4.19.4\" _module_preset=\"default\" global_colors_info=\"{}\" custom_css_main_element_last_edited=\"on|tablet\" custom_css_main_element_tablet=\"aspect-ratio: 1\/1;||object-fit: cover;||object-position: center center;||width: 100%;||height: 100%;||overflow: hidden;\" custom_css_main_element_phone=\"aspect-ratio: 1\/1;||object-fit: cover;||object-position: center center;||width: 100%;||height: 100%;||overflow: hidden;\"][\/et_pb_image][\/et_pb_column][et_pb_column type=\"2_3\" _builder_version=\"4.19.4\" _module_preset=\"default\" custom_padding=\"120px|50px|200px||false|false\" custom_padding_tablet=\"50px|25px|50px|25px|false|false\" custom_padding_phone=\"|25px||25px|false|false\" custom_padding_last_edited=\"on|desktop\" global_colors_info=\"{}\"][et_pb_text admin_label=\"\u00dcBER D\u00c9ESSE\" _builder_version=\"4.19.4\" _module_preset=\"default\" header_2_font=\"|||on|||||\" custom_margin=\"||0px||false|false\" custom_padding=\"||0px||false|false\" global_colors_info=\"{}\"]<h1>\u00dcBER <em>D\u00c9ESSE<\/em><\/h1>[\/et_pb_text][et_pb_text _builder_version=\"4.19.4\" _module_preset=\"default\" text_font_size=\"18px\" text_line_height=\"2em\" max_width=\"950px\" module_alignment=\"left\" custom_margin=\"||3em||false|false\" global_colors_info=\"{}\"]Seit 50 Jahren sind wir ein nachhaltiger Produkthersteller von Kosmetik- und Nahrungserg\u00e4nzungsmitteln. Gemeinsam mit unserer international stark wachsenden Beauty-Community mit \u00fcber 16\u2019000 Vertriebspartner:innen machen wir Millionen von Bestandskunden weltweit t\u00e4glich gl\u00fccklich.\r\n\r\nSeit 1971 unterst\u00fctzen wir Tausende von Menschen, ihre individuellen Ziele zu erreichen. Dabei geben wir die Chance, mit unserem De\u0301esse-Beauty-Business-Konzept selbstst\u00e4ndig ohne Risiko finanziell unabh\u00e4ngig zu werden, flexibel von \u00fcberall zu arbeiten und nachhaltig erfolgreich zu sein.\r\n\r\nDe\u0301esse ist ein Familienunternehmen in zweiter Generation mit dem Hauptsitz in Oetwil am See in der Schweiz und der EU-Niederlassung in Sauerlach bei Mu\u0308nchen.[\/et_pb_text][\/et_pb_column][\/et_pb_row][et_pb_row column_structure=\"1_3,1_3,1_3\" make_equal=\"on\" custom_padding_last_edited=\"on|desktop\" module_class=\"about-places-wrapper\" _builder_version=\"4.19.4\" _module_preset=\"default\" positioning=\"absolute\" position_origin_a=\"bottom_right\" vertical_offset=\"-50px\" z_index=\"99\" vertical_offset_tablet=\"0px\" vertical_offset_phone=\"0px\" vertical_offset_last_edited=\"on|desktop\" position_origin_a_tablet=\"bottom_right\" position_origin_a_phone=\"bottom_right\" position_origin_a_last_edited=\"on|desktop\" position_origin_f_tablet=\"\" position_origin_f_phone=\"\" position_origin_f_last_edited=\"on|desktop\" position_origin_r_tablet=\"\" position_origin_r_phone=\"\" position_origin_r_last_edited=\"on|desktop\" width=\"100%\" custom_margin=\"0px||0px||false|false\" custom_padding=\"0px||0px||false|false\" custom_padding_tablet=\"|25px||25px|false|true\" custom_padding_phone=\"|25px||25px|false|true\" positioning_tablet=\"relative\" positioning_phone=\"relative\" positioning_last_edited=\"on|tablet\" global_colors_info=\"{}\"][et_pb_column type=\"1_3\" _builder_version=\"4.19.4\" _module_preset=\"default\" global_colors_info=\"{}\"][\/et_pb_column][et_pb_column type=\"1_3\" _builder_version=\"4.19.4\" _module_preset=\"default\" global_colors_info=\"{}\"][et_pb_code admin_label=\"Oetwil am See\" module_class=\"about-place\" _builder_version=\"4.19.4\" _module_preset=\"default\" global_colors_info=\"{}\"]<img class=\"wp-image-2322 alignnone size-full\" src=\"https:\/\/www.deesse.com\/wp-content\/uploads\/2023\/02\/Oetwil-am-See-Zuerich-Schweiz.webp\" alt=\"Oetwil am See Z\u00fcrich,  Schweiz\" width=\"520\" height=\"411\" \/><!-- [et_pb_line_break_holder] --><p>Oetwil am See<br \/>Z\u00fcrich,<br \/>Schweiz<\/p>[\/et_pb_code][\/et_pb_column][et_pb_column type=\"1_3\" _builder_version=\"4.19.4\" _module_preset=\"default\" custom_css_main_element=\"width: auto;\" global_colors_info=\"{}\"][et_pb_code admin_label=\"Sauerlach\" module_class=\"about-place\" _builder_version=\"4.19.4\" _module_preset=\"default\" global_colors_info=\"{}\"]<img class=\"wp-image-2328 alignnone size-full\" src=\"https:\/\/www.deesse.com\/wp-content\/uploads\/2023\/02\/Sauerlach-Muenchen-Deutschland.webp\" alt=\"Sauerlach M\u00fcnchen, Deutschland\" width=\"521\" height=\"412\" \/><!-- [et_pb_line_break_holder] --><p>Sauerlach<br \/>M\u00fcnchen,<br \/>Deutschland<\/p>[\/et_pb_code][\/et_pb_column][\/et_pb_row][\/et_pb_section][et_pb_section fb_built=\"1\" _builder_version=\"4.19.4\" _module_preset=\"default\" background_color=\"#DF8190\" background_enable_image=\"off\" z_index=\"99\" global_colors_info=\"{}\"][et_pb_row _builder_version=\"4.19.3\" _module_preset=\"default\" global_colors_info=\"{}\"][et_pb_column type=\"4_4\" _builder_version=\"4.19.3\" _module_preset=\"default\" global_colors_info=\"{}\"][et_pb_text admin_label=\"Das zeichnet uns aus\" _builder_version=\"4.19.4\" _module_preset=\"default\" header_2_font=\"|||on|||||\" header_2_text_align=\"center\" text_orientation=\"center\" custom_margin=\"||0px||false|false\" custom_padding=\"||0px||false|false\" global_colors_info=\"{}\"]<h2><em>Das<\/em> zeichnet uns aus<\/h2>[\/et_pb_text][\/et_pb_column][\/et_pb_row][et_pb_row column_structure=\"1_2,1_2\" _builder_version=\"4.19.4\" _module_preset=\"default\" max_width=\"1400px\" module_alignment=\"center\" global_colors_info=\"{}\"][et_pb_column type=\"1_2\" _builder_version=\"4.19.4\" _module_preset=\"default\" global_colors_info=\"{}\"][et_pb_text module_class=\"custom-ul\" _builder_version=\"4.19.4\" _module_preset=\"default\" text_text_color=\"#000000\" global_colors_info=\"{}\"]<ul>\r\n<li>Ein starker Business-Partner mit <strong>langj\u00e4hrigem Know-how<\/strong> im Beauty Business und im Direktvertrieb<\/li>\r\n<li>Gro\u00dfe internationale <strong>Beauty Community<\/strong> \u2013 ein Team \u2013 eine Familie<\/li>\r\n<li>Produkte in <strong>ho\u0308chster Qualita\u0308t<\/strong>, die in der Schweiz produziert werden \u2013 basierend auf den neuesten Erkenntnissen aus Wissenschaft & Natur<\/li>\r\n<li>Ein <strong>Erfolgskonzept<\/strong>, um online und offline, ohne Eigeninvestment und ohne Risiko selbstst\u00e4ndig zu werden.<\/li>\r\n<li>Personalisierter <strong>Online-Shop<\/strong> \u2013 Flexibilit\u00e4t f\u00fcr dich und deine Kund:innen.<\/li>\r\n<\/ul>[\/et_pb_text][\/et_pb_column][et_pb_column type=\"1_2\" _builder_version=\"4.19.3\" _module_preset=\"default\" global_colors_info=\"{}\"][et_pb_text module_class=\"custom-ul\" _builder_version=\"4.19.4\" _module_preset=\"default\" global_colors_info=\"{}\"]<ul>\r\n<li><strong>Do what you love:<\/strong> bei uns folgst du deine Leidenschaft \u2013 je nachdem, f\u00fcr was dein Herz schl\u00e4gt, ob f\u00fcr Kosmetik, Make-up oder Nahrungserg\u00e4nzung (oder vielleicht alle drei), du kannst dich ganz nach Belieben spezialisieren.<\/li>\r\n<li>Attraktive <strong>Karriere- und Verg\u00fctungschancen<\/strong> und flexible Arbeitseinteillung<\/li>\r\n<li>Professionelle und kostenlose <strong>Aus- und Weiterbildungen<\/strong> rund um die Themen Beauty, Business, Karriere, Mindset, Social Selling<\/li>\r\n<li>Regelm\u00e4ssige <strong>Coachings und Live Events<\/strong><\/li>\r\n<li>Hochwertige <strong>Benefits und Fernreisen<\/strong><\/li>\r\n<\/ul>[\/et_pb_text][\/et_pb_column][\/et_pb_row][\/et_pb_section][et_pb_section fb_built=\"1\" module_class=\"marquee-wrapper\" _builder_version=\"4.19.4\" _module_preset=\"default\" background_color=\"#000000\" custom_margin=\"0px||0px||true|false\" custom_padding=\"15px||15px||true|false\" global_colors_info=\"{}\"][et_pb_row _builder_version=\"4.19.4\" _module_preset=\"default\" width=\"100%\" module_alignment=\"center\" custom_margin=\"0px||0px||true|false\" custom_padding=\"0px||0px||false|false\" global_colors_info=\"{}\"][et_pb_column type=\"4_4\" _builder_version=\"4.19.4\" _module_preset=\"default\" global_colors_info=\"{}\"][et_pb_code admin_label=\"Code\" _builder_version=\"4.19.4\" _module_preset=\"default\" global_colors_info=\"{}\"]<div class=\"marquee\"><!-- [et_pb_line_break_holder] -->  <div class=\"track\"><!-- [et_pb_line_break_holder] -->    <div class=\"content\">Let\u2019s Beautify the World together! +++ Let\u2019s Beautify the World together! +++ Let\u2019s Beautify the World together! +++ Let\u2019s Beautify the World together! +++ Let\u2019s Beautify the World together! +++ Let\u2019s Beautify the World together! +++ Let\u2019s Beautify the World together! +++ Let\u2019s Beautify the World together! +++ <\/div><!-- [et_pb_line_break_holder] -->  <\/div><!-- [et_pb_line_break_holder] --><\/div>[\/et_pb_code][\/et_pb_column][\/et_pb_row][\/et_pb_section][et_pb_section fb_built=\"1\" _builder_version=\"4.19.4\" _module_preset=\"default\" global_colors_info=\"{}\"][et_pb_row _builder_version=\"4.19.4\" _module_preset=\"default\" global_colors_info=\"{}\"][et_pb_column type=\"4_4\" _builder_version=\"4.19.4\" _module_preset=\"default\" global_colors_info=\"{}\"][et_pb_text admin_label=\"unsere mission:\" _builder_version=\"4.19.4\" _module_preset=\"default\" header_3_text_align=\"center\" custom_margin=\"||45px||false|false\" custom_padding=\"||0px||false|false\" header_3_font_size_tablet=\"\" header_3_font_size_phone=\"\" header_3_font_size_last_edited=\"on|desktop\" global_colors_info=\"{}\"]<h3>Unsere Mission:<\/h3>[\/et_pb_text][et_pb_text admin_label=\"Menschen eine erfolgreiche Selbstst\u00e4ndigkeit zu erm\u00f6glichen und das in jedem Dorf und jeder Stadt!\" _builder_version=\"4.19.4\" _module_preset=\"default\" header_2_font=\"|||on|||||\" header_2_text_align=\"center\" text_orientation=\"center\" max_width=\"1100px\" module_alignment=\"center\" custom_margin=\"||45px||false|false\" custom_padding=\"||0px||false|false\" global_colors_info=\"{}\"]<h2>Menschen eine erfolgreiche Selbstst\u00e4ndigkeit zu erm\u00f6glichen und das in jedem Dorf und jeder Stadt!<\/h2>[\/et_pb_text][et_pb_text _builder_version=\"4.19.4\" _module_preset=\"default\" text_orientation=\"center\" max_width=\"950px\" module_alignment=\"center\" custom_margin=\"||2em||false|false\" global_colors_info=\"{}\"]<p>Diese Vision m\u00f6chten wir gemeinsam mit starken Gesch\u00e4ftspartner:innen umsetzen.<\/p>[\/et_pb_text][et_pb_text admin_label=\"Bist du dabei?\" _builder_version=\"4.19.4\" _module_preset=\"default\" text_font=\"Montserrat Semi Bold|||on|||||\" text_text_color=\"#DF8190\" text_orientation=\"center\" max_width=\"950px\" module_alignment=\"center\" global_colors_info=\"{}\"]<p>Bist du dabei?<\/p>[\/et_pb_text][et_pb_button button_url=\"https:\/\/shop.deesse.com\/recruitment\" url_new_window=\"on\" button_text=\"Starte noch heute deine Erfolgsgeschichte mit uns!\" button_alignment=\"center\" admin_label=\"JETZT STARTEN\" _builder_version=\"4.19.4\" _module_preset=\"default\" custom_button=\"on\" button_text_color=\"#FFFFFF\" button_bg_color=\"#DF8190\" custom_margin=\"0px||0px||false|false\" global_colors_info=\"{}\" button_bg_color__hover_enabled=\"off|desktop\"][\/et_pb_button][\/et_pb_column][\/et_pb_row][\/et_pb_section][et_pb_section fb_built=\"1\" custom_padding_last_edited=\"on|desktop\" _builder_version=\"4.19.4\" _module_preset=\"default\" background_color=\"#f7f7f7\" custom_margin=\"150px||||false|false\" custom_margin_tablet=\"0px||||false|false\" custom_margin_phone=\"0px||||false|false\" custom_margin_last_edited=\"on|desktop\" custom_padding=\"0px||0px||true|false\" custom_padding_tablet=\"50px||50px||true|false\" custom_padding_phone=\"50px||50px||true|false\" global_colors_info=\"{}\"][et_pb_row column_structure=\"1_2,1_2\" module_class=\"howitallstarted\" _builder_version=\"4.19.4\" _module_preset=\"default\" custom_margin=\"||0px||false|false\" custom_padding=\"||0px||false|false\" global_colors_info=\"{}\" custom_css_main_element_last_edited=\"on|tablet\" custom_css_main_element_phone=\"display: flex;||flex-direction: column-reverse;\"][et_pb_column type=\"1_2\" _builder_version=\"4.19.3\" _module_preset=\"default\" global_colors_info=\"{}\"][et_pb_image src=\"https:\/\/www.deesse.com\/wp-content\/uploads\/2023\/02\/nachhaltigkeit-als-unser-kernwert.webp\" alt=\"NACHHALTIGKEIT\r\nALS UNSER KERNWERT\" title_text=\"NACHHALTIGKEIT ALS UNSER KERNWERT\" align=\"right\" module_class=\"centerimg\" _builder_version=\"4.19.4\" _module_preset=\"default\" transform_scale_tablet=\"\" transform_scale_phone=\"\" transform_scale_last_edited=\"on|desktop\" transform_translate=\"0px|-150px\" transform_translate_tablet=\"0px|0px\" transform_translate_phone=\"0px|0px\" transform_translate_last_edited=\"on|desktop\" transform_translate_linked=\"off\" transform_rotate_tablet=\"\" transform_rotate_phone=\"\" transform_rotate_last_edited=\"on|desktop\" transform_skew_tablet=\"\" transform_skew_phone=\"\" transform_skew_last_edited=\"on|desktop\" transform_origin_tablet=\"\" transform_origin_phone=\"\" transform_origin_last_edited=\"on|desktop\" transform_styles_last_edited=\"on|desktop\" max_width=\"675px\" module_alignment=\"right\" custom_margin=\"||0px||false|false\" custom_padding=\"||0px||false|false\" transform_styles_tablet=\"\" transform_styles_phone=\"\" global_colors_info=\"{}\"][\/et_pb_image][et_pb_image src=\"https:\/\/www.deesse.com\/wp-content\/uploads\/2022\/12\/deesse-loves-you.svg\" title_text=\"deesse-loves-you\" align=\"center\" disabled_on=\"on|on|on\" module_class=\"rotating\" _builder_version=\"4.19.4\" _module_preset=\"default\" positioning=\"absolute\" position_origin_a=\"bottom_right\" width=\"100%\" custom_margin=\"0px||0px||true|false\" custom_padding=\"0px||0px||true|false\" custom_css_main_element=\"display: inline-block;||width: auto;\" disabled=\"on\" global_colors_info=\"{}\"][\/et_pb_image][\/et_pb_column][et_pb_column type=\"1_2\" _builder_version=\"4.19.4\" _module_preset=\"default\" custom_padding=\"100px||180px||false|false\" custom_padding_tablet=\"100px||0px||false|false\" custom_padding_phone=\"50px||||false|false\" custom_padding_last_edited=\"on|phone\" global_colors_info=\"{}\"][et_pb_text admin_label=\"Nachhaltigkeit als unser Kernwert\" _builder_version=\"4.19.4\" _module_preset=\"default\" header_2_font=\"|||on|||||\" max_width_tablet=\"\" max_width_phone=\"350px\" max_width_last_edited=\"on|phone\" custom_margin=\"||50px||false|false\" custom_padding=\"||||false|false\" global_colors_info=\"{}\"]<h2><em>Nachhaltigkeit<\/em><br \/>als unser Kernwert<\/h2>[\/et_pb_text][et_pb_text _builder_version=\"4.19.4\" _module_preset=\"default\" text_font_size=\"18px\" text_line_height=\"2em\" max_width=\"810px\" module_alignment=\"left\" global_colors_info=\"{}\"]<p>Hochqualitative Produkte herzustellen ist nicht nur unsere St\u00e4rke, sondern auch unsere Priorit\u00e4t. Dementsprechend achten wir bei der Produktentwicklung nicht nur auf aktuelle Trends, sondern auch auf einen hohen Qualit\u00e4tsstandard und das Thema der Nachhaltigkeit.<\/p>\r\n<p>Wir lieben Tiere, darum sind unsere Produkte <strong>tierversuchsFREI<\/strong> und das war schon immer so! Wir verf\u00fcgen \u00fcber eine breite Produktpalette an <strong>veganen<\/strong> Produkten, die keinerlei Rohstoffe tierischen Ursprungs enthalten.<\/p>\r\n<p>Wir arbeiten seit \u00fcber 30 Jahren mit dem <strong>Refill-System<\/strong>. Mit diesem Konzept waren wir fr\u00fcher schon als Vorreiter im Thema Umwelt unterwegs. Dadurch wird die Umweltbelastung gleich doppelt verringert. Auf der einen Seite wird weniger M\u00fcll durch unsere Produkte produziert und gleichzeitig auch weniger Ressourcen verbraucht. <\/p>\r\n<p>Wir nutzen das <strong>Dispenser-System<\/strong> und arbeiten an Verpackungen, welche nicht nur sch\u00f6n aussehen, sondern eine nachhaltige Funktion erf\u00fcllen. So bleibt das Produkt gesch\u00fctzt vor Verf\u00e4rbung oder Ver\u00e4nderung durch Oxidation. Dadurch bleibt die Haltbarkeit ohne Verunreinigung mit Sicherheit erhalten.<\/p>[\/et_pb_text][\/et_pb_column][\/et_pb_row][et_pb_row _builder_version=\"4.19.3\" _module_preset=\"default\" custom_margin=\"0px||||false|false\" custom_padding=\"0px||||false|false\" global_colors_info=\"{}\"][et_pb_column type=\"4_4\" _builder_version=\"4.19.3\" _module_preset=\"default\" global_colors_info=\"{}\"][et_pb_text admin_label=\"#TOGETHERWEARESTRONG\" module_class=\"togetherwearestrong\" _builder_version=\"4.19.4\" _module_preset=\"default\" text_font=\"Montserrat Semi Bold||||||||\" text_text_color=\"#DF8190\" text_orientation=\"center\" custom_css_main_element=\"opacity: 1 !important;\" global_colors_info=\"{}\"]<p>#TOGETHERWEARESTRONG<\/p>[\/et_pb_text][\/et_pb_column][\/et_pb_row][\/et_pb_section][et_pb_section fb_built=\"1\" custom_padding_last_edited=\"on|desktop\" _builder_version=\"4.19.4\" _module_preset=\"default\" background_enable_color=\"off\" custom_margin=\"0px||||false|false\" custom_margin_tablet=\"0px||||false|false\" custom_margin_phone=\"0px||||false|false\" custom_margin_last_edited=\"on|desktop\" custom_padding=\"0px||0px||true|false\" custom_padding_tablet=\"50px||50px||true|false\" custom_padding_phone=\"50px||50px||true|false\" global_colors_info=\"{}\" disabled_on=\"on|on|on\" disabled=\"on\"][et_pb_row column_structure=\"1_2,1_2\" custom_padding_last_edited=\"on|desktop\" disabled_on=\"off|off|off\" module_class=\"howitallstarted\" _builder_version=\"4.19.4\" _module_preset=\"default\" width=\"100%\" width_tablet=\"90%\" width_phone=\"\" width_last_edited=\"on|desktop\" custom_margin=\"||0px||false|false\" custom_padding=\"||0px|5%|false|false\" custom_padding_tablet=\"|||0%|false|false\" custom_padding_phone=\"|||0%|false|false\" global_colors_info=\"{}\" custom_css_main_element_last_edited=\"on|tablet\" custom_css_main_element_tablet=\"display: flex;||flex-direction: column-reverse;\" custom_css_main_element_phone=\"display: flex;||flex-direction: column-reverse;\"][et_pb_column type=\"1_2\" _builder_version=\"4.19.4\" _module_preset=\"default\" custom_padding=\"100px||50px||false|false\" custom_padding_tablet=\"100px||0px||false|false\" custom_padding_phone=\"50px||||false|false\" custom_padding_last_edited=\"on|desktop\" global_colors_info=\"{}\"][et_pb_text admin_label=\"Soziale Verantwortung\" _builder_version=\"4.19.4\" _module_preset=\"default\" header_2_font=\"|||on|||||\" max_width_tablet=\"\" max_width_phone=\"350px\" max_width_last_edited=\"on|phone\" custom_margin=\"||50px||false|false\" custom_padding=\"||||false|false\" global_colors_info=\"{}\"]<h2>Soziale<br \/><em>Verantwortung<\/em><\/h2>[\/et_pb_text][et_pb_text _builder_version=\"4.19.4\" _module_preset=\"default\" text_font_size=\"18px\" text_line_height=\"2em\" max_width=\"675px\" module_alignment=\"left\" global_colors_info=\"{}\"]<p>Durch die Stiftung \u201eD\u00e9esse for children\u201c ist es uns m\u00f6glich dort zu helfen, wo Hilfe ben\u00f6tigt wird.<\/p>\r\n<p>Die Stiftung \u201eD\u00e9esse for children\u201c unterst\u00fctzt schon seit unz\u00e4hligen Jahren Institutionen und Einrichtungen in Rum\u00e4nien, um den Schw\u00e4chsten zu helfen. Inzwischen bieten sogar zwei eigene Kinderheime 160 Kindern ein neues Zuhause, in welchem sie eine liebevolle und unbeschwerte Kindheit erleben d\u00fcrfen. Dort erhalten sie ein umfangreiches Ausbildungsangebot mit Zukunftsperspektive.<\/p>\r\n<p>Seit einigen Jahren hat auch ein Altersheim seinen Betrieb aufgenommen, welches unz\u00e4hligen Menschen einen w\u00fcrdigen Lebensabend bietet.<\/p>\r\n<p>Ausserdem wird im Namen der Stiftung eine Zahnarztpraxis gef\u00fchrt, die nicht nur die Bewohner unserer eigenen Institutionen nutzen k\u00f6nnen, sondern die auch externen Patienten bezahlbare Behandlungen bietet. Die Praxis tr\u00e4gt sich durch dieses Modell finanziell selbst. Genau auf dieselbe Art funktioniert eine k\u00fcrzlich er\u00f6ffnete B\u00e4ckerei; sie versorgt unsere eignen Einrichtungen mit Backwaren und hat gleichzeitig f\u00fcr den normalen Verkauf ge\u00f6ffnet, womit die Gesamtkosten gedeckt werden k\u00f6nnen.<\/p>[\/et_pb_text][\/et_pb_column][et_pb_column type=\"1_2\" _builder_version=\"4.19.3\" _module_preset=\"default\" global_colors_info=\"{}\"][et_pb_image src=\"https:\/\/www.deesse.com\/wp-content\/uploads\/2023\/02\/soziale-verantwortung.webp\" alt=\"Soziale Verantwortung\" title_text=\"Soziale Verantwortung\" module_class=\"centerimg\" _builder_version=\"4.19.4\" _module_preset=\"default\" transform_scale_tablet=\"\" transform_scale_phone=\"\" transform_scale_last_edited=\"on|desktop\" transform_translate=\"0px|-150px\" transform_translate_tablet=\"0px|0px\" transform_translate_phone=\"0px|0px\" transform_translate_last_edited=\"on|desktop\" transform_translate_linked=\"off\" transform_rotate_tablet=\"\" transform_rotate_phone=\"\" transform_rotate_last_edited=\"on|desktop\" transform_skew_tablet=\"\" transform_skew_phone=\"\" transform_skew_last_edited=\"on|desktop\" transform_origin_tablet=\"\" transform_origin_phone=\"\" transform_origin_last_edited=\"on|desktop\" transform_styles_last_edited=\"on|desktop\" transform_styles_tablet=\"\" transform_styles_phone=\"\" global_colors_info=\"{}\"][\/et_pb_image][\/et_pb_column][\/et_pb_row][et_pb_row _builder_version=\"4.19.3\" _module_preset=\"default\" custom_margin=\"0px||||false|false\" custom_padding=\"0px||||false|false\" global_colors_info=\"{}\"][et_pb_column type=\"4_4\" _builder_version=\"4.19.3\" _module_preset=\"default\" global_colors_info=\"{}\"][et_pb_text admin_label=\"#TOGETHERWEARESTRONG\" module_class=\"togetherwearestrong\" _builder_version=\"4.19.4\" _module_preset=\"default\" text_font=\"Montserrat Semi Bold||||||||\" text_text_color=\"#DF8190\" text_orientation=\"center\" custom_css_main_element=\"opacity: 1 !important;\" global_colors_info=\"{}\"]<p>#TOGETHERWEARESTRONG<\/p>[\/et_pb_text][\/et_pb_column][\/et_pb_row][\/et_pb_section]","_et_gb_content_width":"","inline_featured_image":false,"footnotes":""},"class_list":["post-2561","page","type-page","status-publish","has-post-thumbnail","hentry"],"acf":[],"yoast_head":"<!-- This site is optimized with the Yoast SEO plugin v24.2 - https:\/\/yoast.com\/wordpress\/plugins\/seo\/ -->\n<title>\u00c0 propos de D\u00e9esse &#187; D\u00e9esse Cosmetics<\/title>\n<meta name=\"description\" content=\"Wirksame Kosmetik und hochwertige Nahrungserg\u00e4nzungsmittel dank moderner Forschung und Schweizer Traditionsbewusstsein. Entdecken Sie die Welt von D\u00e9esse.\" \/>\n<meta name=\"robots\" content=\"index, follow, max-snippet:-1, max-image-preview:large, max-video-preview:-1\" \/>\n<link rel=\"canonical\" href=\"https:\/\/www.deesse.com\/fr\/a-propos-de-deesse\/\" \/>\n<meta property=\"og:locale\" content=\"fr_FR\" \/>\n<meta property=\"og:type\" content=\"article\" \/>\n<meta property=\"og:title\" content=\"\u00c0 propos de D\u00e9esse &#187; D\u00e9esse Cosmetics\" \/>\n<meta property=\"og:description\" content=\"Wirksame Kosmetik und hochwertige Nahrungserg\u00e4nzungsmittel dank moderner Forschung und Schweizer Traditionsbewusstsein. Entdecken Sie die Welt von D\u00e9esse.\" \/>\n<meta property=\"og:url\" content=\"https:\/\/www.deesse.com\/fr\/a-propos-de-deesse\/\" \/>\n<meta property=\"og:site_name\" content=\"D\u00e9esse Cosmetics\" \/>\n<meta property=\"article:publisher\" content=\"https:\/\/www.facebook.com\/DeesseCosmeticsOfSwitzerland\" \/>\n<meta property=\"article:modified_time\" content=\"2025-02-21T13:37:42+00:00\" \/>\n<meta property=\"og:image\" content=\"https:\/\/www.deesse.com\/wp-content\/uploads\/2023\/02\/Oetwil-am-See-Zuerich-Schweiz.webp\" \/>\n\t<meta property=\"og:image:width\" content=\"520\" \/>\n\t<meta property=\"og:image:height\" content=\"411\" \/>\n\t<meta property=\"og:image:type\" content=\"image\/webp\" \/>\n<meta name=\"twitter:card\" content=\"summary_large_image\" \/>\n<meta name=\"twitter:label1\" content=\"Dur\u00e9e de lecture estim\u00e9e\" \/>\n\t<meta name=\"twitter:data1\" content=\"4 minutes\" \/>\n<script type=\"application\/ld+json\" class=\"yoast-schema-graph\">{\"@context\":\"https:\/\/schema.org\",\"@graph\":[{\"@type\":\"WebPage\",\"@id\":\"https:\/\/www.deesse.com\/fr\/a-propos-de-deesse\/\",\"url\":\"https:\/\/www.deesse.com\/fr\/a-propos-de-deesse\/\",\"name\":\"\u00c0 propos de D\u00e9esse &#187; D\u00e9esse Cosmetics\",\"isPartOf\":{\"@id\":\"https:\/\/www.deesse.com\/fr\/#website\"},\"primaryImageOfPage\":{\"@id\":\"https:\/\/www.deesse.com\/fr\/a-propos-de-deesse\/#primaryimage\"},\"image\":{\"@id\":\"https:\/\/www.deesse.com\/fr\/a-propos-de-deesse\/#primaryimage\"},\"thumbnailUrl\":\"https:\/\/www.deesse.com\/wp-content\/uploads\/2023\/02\/Oetwil-am-See-Zuerich-Schweiz.webp\",\"datePublished\":\"2023-02-14T13:46:08+00:00\",\"dateModified\":\"2025-02-21T13:37:42+00:00\",\"description\":\"Wirksame Kosmetik und hochwertige Nahrungserg\u00e4nzungsmittel dank moderner Forschung und Schweizer Traditionsbewusstsein. Entdecken Sie die Welt von D\u00e9esse.\",\"breadcrumb\":{\"@id\":\"https:\/\/www.deesse.com\/fr\/a-propos-de-deesse\/#breadcrumb\"},\"inLanguage\":\"fr-FR\",\"potentialAction\":[{\"@type\":\"ReadAction\",\"target\":[\"https:\/\/www.deesse.com\/fr\/a-propos-de-deesse\/\"]}]},{\"@type\":\"ImageObject\",\"inLanguage\":\"fr-FR\",\"@id\":\"https:\/\/www.deesse.com\/fr\/a-propos-de-deesse\/#primaryimage\",\"url\":\"https:\/\/www.deesse.com\/wp-content\/uploads\/2023\/02\/Oetwil-am-See-Zuerich-Schweiz.webp\",\"contentUrl\":\"https:\/\/www.deesse.com\/wp-content\/uploads\/2023\/02\/Oetwil-am-See-Zuerich-Schweiz.webp\",\"width\":520,\"height\":411,\"caption\":\"Oetwil am See Z\u00fcrich, Schweiz\"},{\"@type\":\"BreadcrumbList\",\"@id\":\"https:\/\/www.deesse.com\/fr\/a-propos-de-deesse\/#breadcrumb\",\"itemListElement\":[{\"@type\":\"ListItem\",\"position\":1,\"name\":\"Startseite\",\"item\":\"https:\/\/www.deesse.com\/fr\/\"},{\"@type\":\"ListItem\",\"position\":2,\"name\":\"\u00c0 propos de D\u00e9esse\"}]},{\"@type\":\"WebSite\",\"@id\":\"https:\/\/www.deesse.com\/fr\/#website\",\"url\":\"https:\/\/www.deesse.com\/fr\/\",\"name\":\"D\u00e9esse Cosmetics\",\"description\":\"\",\"potentialAction\":[{\"@type\":\"SearchAction\",\"target\":{\"@type\":\"EntryPoint\",\"urlTemplate\":\"https:\/\/www.deesse.com\/fr\/?s={search_term_string}\"},\"query-input\":{\"@type\":\"PropertyValueSpecification\",\"valueRequired\":true,\"valueName\":\"search_term_string\"}}],\"inLanguage\":\"fr-FR\"}]}<\/script>\n<!-- \/ Yoast SEO plugin. -->","yoast_head_json":{"title":"\u00c0 propos de D\u00e9esse &#187; D\u00e9esse Cosmetics","description":"Wirksame Kosmetik und hochwertige Nahrungserg\u00e4nzungsmittel dank moderner Forschung und Schweizer Traditionsbewusstsein. Entdecken Sie die Welt von D\u00e9esse.","robots":{"index":"index","follow":"follow","max-snippet":"max-snippet:-1","max-image-preview":"max-image-preview:large","max-video-preview":"max-video-preview:-1"},"canonical":"https:\/\/www.deesse.com\/fr\/a-propos-de-deesse\/","og_locale":"fr_FR","og_type":"article","og_title":"\u00c0 propos de D\u00e9esse &#187; D\u00e9esse Cosmetics","og_description":"Wirksame Kosmetik und hochwertige Nahrungserg\u00e4nzungsmittel dank moderner Forschung und Schweizer Traditionsbewusstsein. Entdecken Sie die Welt von D\u00e9esse.","og_url":"https:\/\/www.deesse.com\/fr\/a-propos-de-deesse\/","og_site_name":"D\u00e9esse Cosmetics","article_publisher":"https:\/\/www.facebook.com\/DeesseCosmeticsOfSwitzerland","article_modified_time":"2025-02-21T13:37:42+00:00","og_image":[{"width":520,"height":411,"url":"https:\/\/www.deesse.com\/wp-content\/uploads\/2023\/02\/Oetwil-am-See-Zuerich-Schweiz.webp","type":"image\/webp"}],"twitter_card":"summary_large_image","twitter_misc":{"Dur\u00e9e de lecture estim\u00e9e":"4 minutes"},"schema":{"@context":"https:\/\/schema.org","@graph":[{"@type":"WebPage","@id":"https:\/\/www.deesse.com\/fr\/a-propos-de-deesse\/","url":"https:\/\/www.deesse.com\/fr\/a-propos-de-deesse\/","name":"\u00c0 propos de D\u00e9esse &#187; D\u00e9esse Cosmetics","isPartOf":{"@id":"https:\/\/www.deesse.com\/fr\/#website"},"primaryImageOfPage":{"@id":"https:\/\/www.deesse.com\/fr\/a-propos-de-deesse\/#primaryimage"},"image":{"@id":"https:\/\/www.deesse.com\/fr\/a-propos-de-deesse\/#primaryimage"},"thumbnailUrl":"https:\/\/www.deesse.com\/wp-content\/uploads\/2023\/02\/Oetwil-am-See-Zuerich-Schweiz.webp","datePublished":"2023-02-14T13:46:08+00:00","dateModified":"2025-02-21T13:37:42+00:00","description":"Wirksame Kosmetik und hochwertige Nahrungserg\u00e4nzungsmittel dank moderner Forschung und Schweizer Traditionsbewusstsein. Entdecken Sie die Welt von D\u00e9esse.","breadcrumb":{"@id":"https:\/\/www.deesse.com\/fr\/a-propos-de-deesse\/#breadcrumb"},"inLanguage":"fr-FR","potentialAction":[{"@type":"ReadAction","target":["https:\/\/www.deesse.com\/fr\/a-propos-de-deesse\/"]}]},{"@type":"ImageObject","inLanguage":"fr-FR","@id":"https:\/\/www.deesse.com\/fr\/a-propos-de-deesse\/#primaryimage","url":"https:\/\/www.deesse.com\/wp-content\/uploads\/2023\/02\/Oetwil-am-See-Zuerich-Schweiz.webp","contentUrl":"https:\/\/www.deesse.com\/wp-content\/uploads\/2023\/02\/Oetwil-am-See-Zuerich-Schweiz.webp","width":520,"height":411,"caption":"Oetwil am See Z\u00fcrich, Schweiz"},{"@type":"BreadcrumbList","@id":"https:\/\/www.deesse.com\/fr\/a-propos-de-deesse\/#breadcrumb","itemListElement":[{"@type":"ListItem","position":1,"name":"Startseite","item":"https:\/\/www.deesse.com\/fr\/"},{"@type":"ListItem","position":2,"name":"\u00c0 propos de D\u00e9esse"}]},{"@type":"WebSite","@id":"https:\/\/www.deesse.com\/fr\/#website","url":"https:\/\/www.deesse.com\/fr\/","name":"D\u00e9esse Cosmetics","description":"","potentialAction":[{"@type":"SearchAction","target":{"@type":"EntryPoint","urlTemplate":"https:\/\/www.deesse.com\/fr\/?s={search_term_string}"},"query-input":{"@type":"PropertyValueSpecification","valueRequired":true,"valueName":"search_term_string"}}],"inLanguage":"fr-FR"}]}},"_links":{"self":[{"href":"https:\/\/www.deesse.com\/fr\/wp-json\/wp\/v2\/pages\/2561","targetHints":{"allow":["GET"]}}],"collection":[{"href":"https:\/\/www.deesse.com\/fr\/wp-json\/wp\/v2\/pages"}],"about":[{"href":"https:\/\/www.deesse.com\/fr\/wp-json\/wp\/v2\/types\/page"}],"author":[{"embeddable":true,"href":"https:\/\/www.deesse.com\/fr\/wp-json\/wp\/v2\/users\/1"}],"replies":[{"embeddable":true,"href":"https:\/\/www.deesse.com\/fr\/wp-json\/wp\/v2\/comments?post=2561"}],"version-history":[{"count":14,"href":"https:\/\/www.deesse.com\/fr\/wp-json\/wp\/v2\/pages\/2561\/revisions"}],"predecessor-version":[{"id":8210,"href":"https:\/\/www.deesse.com\/fr\/wp-json\/wp\/v2\/pages\/2561\/revisions\/8210"}],"wp:featuredmedia":[{"embeddable":true,"href":"https:\/\/www.deesse.com\/fr\/wp-json\/wp\/v2\/media\/2325"}],"wp:attachment":[{"href":"https:\/\/www.deesse.com\/fr\/wp-json\/wp\/v2\/media?parent=2561"}],"curies":[{"name":"wp","href":"https:\/\/api.w.org\/{rel}","templated":true}]}}