{"id":2571,"date":"2023-02-14T15:46:08","date_gmt":"2023-02-14T13:46:08","guid":{"rendered":"https:\/\/www.deesse.com\/?page_id=2571"},"modified":"2023-10-12T11:04:01","modified_gmt":"2023-10-12T09:04:01","slug":"despre-deesse","status":"publish","type":"page","link":"https:\/\/www.deesse.com\/ro\/despre-deesse\/","title":{"rendered":"Despre D\u00e9esse"},"content":{"rendered":"<p>[et_pb_section fb_built=&#8221;1&#8243; _builder_version=&#8221;4.19.4&#8243; _module_preset=&#8221;default&#8221; z_index=&#8221;999&#8243; custom_margin=&#8221;0px||0px||false|false&#8221; custom_padding=&#8221;0px||0px||false|false&#8221; global_colors_info=&#8221;{}&#8221;][et_pb_row column_structure=&#8221;1_3,2_3&#8243; make_equal=&#8221;on&#8221; _builder_version=&#8221;4.19.4&#8243; _module_preset=&#8221;default&#8221; width=&#8221;100%&#8221; custom_margin=&#8221;0px||0px||false|false&#8221; custom_padding=&#8221;0px||0px||false|false&#8221; global_colors_info=&#8221;{}&#8221; custom_css_main_element_last_edited=&#8221;off|desktop&#8221; custom_css_main_element_phone=&#8221;display: block;&#8221;][et_pb_column type=&#8221;1_3&#8243; module_class=&#8221;iconcol&#8221; _builder_version=&#8221;4.19.4&#8243; _module_preset=&#8221;default&#8221; background_enable_color=&#8221;off&#8221; background_image=&#8221;https:\/\/www.deesse.com\/wp-content\/uploads\/2023\/02\/ueber-deesse-schweiz.webp&#8221; custom_padding=&#8221;120px||120px||false|false&#8221; custom_padding_tablet=&#8221;0px||0px||false|false&#8221; custom_padding_phone=&#8221;0px||0px||false|false&#8221; custom_padding_last_edited=&#8221;on|desktop&#8221; background_last_edited=&#8221;on|phone&#8221; background_enable_image_tablet=&#8221;off&#8221; global_colors_info=&#8221;{}&#8221;][et_pb_image src=&#8221;https:\/\/www.deesse.com\/wp-content\/uploads\/2023\/02\/ueber-deesse-schweiz.webp&#8221; alt=&#8221;Deesse Cosmetics of Switzerland&#8221; title_text=&#8221;Deesse Cosmetics of Switzerland&#8221; align=&#8221;center&#8221; src_tablet=&#8221;https:\/\/www.deesse.com\/wp-content\/uploads\/2023\/02\/ueber-deesse-schweiz.webp&#8221; src_phone=&#8221;https:\/\/www.deesse.com\/wp-content\/uploads\/2023\/02\/ueber-deesse-schweiz.webp&#8221; src_last_edited=&#8221;off|desktop&#8221; disabled_on=&#8221;off|off|on&#8221; _builder_version=&#8221;4.19.4&#8243; _module_preset=&#8221;default&#8221; global_colors_info=&#8221;{}&#8221; custom_css_main_element_last_edited=&#8221;on|tablet&#8221; custom_css_main_element_tablet=&#8221;aspect-ratio: 1\/1;||object-fit: cover;||object-position: center center;||width: 100%;||height: 100%;||overflow: hidden;&#8221; custom_css_main_element_phone=&#8221;aspect-ratio: 1\/1;||object-fit: cover;||object-position: center center;||width: 100%;||height: 100%;||overflow: hidden;&#8221;][\/et_pb_image][\/et_pb_column][et_pb_column type=&#8221;2_3&#8243; _builder_version=&#8221;4.19.4&#8243; _module_preset=&#8221;default&#8221; custom_padding=&#8221;120px|50px|200px||false|false&#8221; custom_padding_tablet=&#8221;50px|25px|50px|25px|false|false&#8221; custom_padding_phone=&#8221;|25px||25px|false|false&#8221; custom_padding_last_edited=&#8221;on|desktop&#8221; global_colors_info=&#8221;{}&#8221;][et_pb_text admin_label=&#8221;\u00dcBER D\u00c9ESSE&#8221; _builder_version=&#8221;4.19.4&#8243; _module_preset=&#8221;default&#8221; header_2_font=&#8221;|||on|||||&#8221; custom_margin=&#8221;||0px||false|false&#8221; custom_padding=&#8221;||0px||false|false&#8221; global_colors_info=&#8221;{}&#8221;]<\/p>\n<h1>DESPRE <em>D\u00c9ESSE<\/em><\/h1>\n<p>[\/et_pb_text][et_pb_text _builder_version=&#8221;4.22.1&#8243; _module_preset=&#8221;default&#8221; text_font_size=&#8221;18px&#8221; text_line_height=&#8221;2em&#8221; max_width=&#8221;950px&#8221; module_alignment=&#8221;left&#8221; custom_margin=&#8221;||3em||false|false&#8221; hover_enabled=&#8221;0&#8243; global_colors_info=&#8221;{}&#8221; sticky_enabled=&#8221;0&#8243;]De 50 de ani suntem un produc\u0103tor sustenabil de produse cosmetice \u0219i suplimente nutritive. \u00cempreun\u0103 cu comunitatea noastr\u0103 de Beauty, format\u0103 din peste 16.000 de parteneri de distribu\u021bie, facem ferici\u021bi \u00een fiecare zi milioane de clien\u021bi existen\u021bi \u00een \u00eentreaga lume.<\/p>\n<p>Din 1971, am ajutat mii de oameni s\u0103 \u00ee\u0219i ating\u0103 obiectivele individuale. Cu conceptul nostru Beauty-Business D\u00e9esse oferim posibilitatea de a deveni independent financiar f\u0103r\u0103 riscuri, de a lucra \u00een mod flexibil de oriunde \u0219i de a ob\u021bine un succes sustenabil.<\/p>\n<p>D\u00e9esse este o afacere de familie la a doua genera\u021bie, cu sediul central \u00een Oetwil am See, Elve\u021bia, \u0219i filiala UE \u00een Oberhaching, l\u00e2ng\u0103 M\u00fcnchen.[\/et_pb_text][\/et_pb_column][\/et_pb_row][et_pb_row column_structure=&#8221;1_3,1_3,1_3&#8243; make_equal=&#8221;on&#8221; custom_padding_last_edited=&#8221;on|desktop&#8221; module_class=&#8221;about-places-wrapper&#8221; _builder_version=&#8221;4.19.4&#8243; _module_preset=&#8221;default&#8221; positioning=&#8221;absolute&#8221; position_origin_a=&#8221;bottom_right&#8221; vertical_offset=&#8221;-50px&#8221; z_index=&#8221;99&#8243; vertical_offset_tablet=&#8221;0px&#8221; vertical_offset_phone=&#8221;0px&#8221; vertical_offset_last_edited=&#8221;on|desktop&#8221; position_origin_a_tablet=&#8221;bottom_right&#8221; position_origin_a_phone=&#8221;bottom_right&#8221; position_origin_a_last_edited=&#8221;on|desktop&#8221; position_origin_f_tablet=&#8221;&#8221; position_origin_f_phone=&#8221;&#8221; position_origin_f_last_edited=&#8221;on|desktop&#8221; position_origin_r_tablet=&#8221;&#8221; position_origin_r_phone=&#8221;&#8221; position_origin_r_last_edited=&#8221;on|desktop&#8221; width=&#8221;100%&#8221; custom_margin=&#8221;0px||0px||false|false&#8221; custom_padding=&#8221;0px||0px||false|false&#8221; custom_padding_tablet=&#8221;|25px||25px|false|true&#8221; custom_padding_phone=&#8221;|25px||25px|false|true&#8221; positioning_tablet=&#8221;relative&#8221; positioning_phone=&#8221;relative&#8221; positioning_last_edited=&#8221;on|tablet&#8221; global_colors_info=&#8221;{}&#8221;][et_pb_column type=&#8221;1_3&#8243; _builder_version=&#8221;4.19.4&#8243; _module_preset=&#8221;default&#8221; global_colors_info=&#8221;{}&#8221;][\/et_pb_column][et_pb_column type=&#8221;1_3&#8243; _builder_version=&#8221;4.19.4&#8243; _module_preset=&#8221;default&#8221; global_colors_info=&#8221;{}&#8221;][et_pb_code admin_label=&#8221;Oetwil am See&#8221; module_class=&#8221;about-place&#8221; _builder_version=&#8221;4.19.4&#8243; _module_preset=&#8221;default&#8221; global_colors_info=&#8221;{}&#8221;]<img loading=\"lazy\" decoding=\"async\" class=\"wp-image-2322 alignnone size-full\" src=\"https:\/\/www.deesse.com\/wp-content\/uploads\/2023\/02\/Oetwil-am-See-Zuerich-Schweiz.webp\" alt=\"Oetwil am See Z\u00fcrich,  Schweiz\" width=\"520\" height=\"411\" srcset=\"https:\/\/www.deesse.com\/wp-content\/uploads\/2023\/02\/Oetwil-am-See-Zuerich-Schweiz.webp 520w, https:\/\/www.deesse.com\/wp-content\/uploads\/2023\/02\/Oetwil-am-See-Zuerich-Schweiz-480x379.webp 480w\" sizes=\"(min-width: 0px) and (max-width: 480px) 480px, (min-width: 481px) 520px, 100vw\" \/><!-- [et_pb_line_break_holder] --><pee>Oetwil am See<!\u2013- [et_pb_br_holder] -\u2013>Zurich,<!\u2013- [et_pb_br_holder] -\u2013>Elve\u021bia<\/pee>[\/et_pb_code][\/et_pb_column][et_pb_column type=&#8221;1_3&#8243; _builder_version=&#8221;4.19.4&#8243; _module_preset=&#8221;default&#8221; custom_css_main_element=&#8221;width: auto;&#8221; global_colors_info=&#8221;{}&#8221;][et_pb_code disabled_on=&#8221;on|on|on&#8221; admin_label=&#8221;Sauerlach&#8221; module_class=&#8221;about-place&#8221; _builder_version=&#8221;4.22.1&#8243; _module_preset=&#8221;default&#8221; disabled=&#8221;on&#8221; global_colors_info=&#8221;{}&#8221;]<img loading=\"lazy\" decoding=\"async\" class=\"wp-image-2328 alignnone size-full\" src=\"https:\/\/www.deesse.com\/wp-content\/uploads\/2023\/02\/Sauerlach-Muenchen-Deutschland.webp\" alt=\"Sauerlach M\u00fcnchen, Deutschland\" width=\"521\" height=\"412\" srcset=\"https:\/\/www.deesse.com\/wp-content\/uploads\/2023\/02\/Sauerlach-Muenchen-Deutschland.webp 521w, https:\/\/www.deesse.com\/wp-content\/uploads\/2023\/02\/Sauerlach-Muenchen-Deutschland-480x380.webp 480w\" sizes=\"(min-width: 0px) and (max-width: 480px) 480px, (min-width: 481px) 521px, 100vw\" \/><!-- [et_pb_line_break_holder] --><pee>Sauerlach<!\u2013- [et_pb_br_holder] -\u2013>Munchen,<!\u2013- [et_pb_br_holder] -\u2013>Germania<\/pee>[\/et_pb_code][\/et_pb_column][\/et_pb_row][\/et_pb_section][et_pb_section fb_built=&#8221;1&#8243; _builder_version=&#8221;4.19.4&#8243; _module_preset=&#8221;default&#8221; background_color=&#8221;#DF8190&#8243; background_enable_image=&#8221;off&#8221; z_index=&#8221;99&#8243; global_colors_info=&#8221;{}&#8221;][et_pb_row _builder_version=&#8221;4.19.3&#8243; _module_preset=&#8221;default&#8221; global_colors_info=&#8221;{}&#8221;][et_pb_column type=&#8221;4_4&#8243; _builder_version=&#8221;4.19.3&#8243; _module_preset=&#8221;default&#8221; global_colors_info=&#8221;{}&#8221;][et_pb_text admin_label=&#8221;Das zeichnet uns aus&#8221; _builder_version=&#8221;4.19.4&#8243; _module_preset=&#8221;default&#8221; header_2_font=&#8221;|||on|||||&#8221; header_2_text_align=&#8221;center&#8221; text_orientation=&#8221;center&#8221; custom_margin=&#8221;||0px||false|false&#8221; custom_padding=&#8221;||0px||false|false&#8221; global_colors_info=&#8221;{}&#8221;]<\/p>\n<h2><em>ACEASTA<\/em> NE CARACTERIZEAZ\u0102<\/h2>\n<p>[\/et_pb_text][\/et_pb_column][\/et_pb_row][et_pb_row column_structure=&#8221;1_2,1_2&#8243; _builder_version=&#8221;4.19.4&#8243; _module_preset=&#8221;default&#8221; max_width=&#8221;1400px&#8221; module_alignment=&#8221;center&#8221; global_colors_info=&#8221;{}&#8221;][et_pb_column type=&#8221;1_2&#8243; _builder_version=&#8221;4.19.4&#8243; _module_preset=&#8221;default&#8221; global_colors_info=&#8221;{}&#8221;][et_pb_text module_class=&#8221;custom-ul&#8221; _builder_version=&#8221;4.19.4&#8243; _module_preset=&#8221;default&#8221; text_text_color=&#8221;#000000&#8243; global_colors_info=&#8221;{}&#8221;]<\/p>\n<ul>\n<li>Un partener de afaceri puternic, <strong>cu mul\u021bi ani de know-how<\/strong> \u00een domeniul Beauty Business \u0219i v\u00e2nz\u0103rilor directe.<\/li>\n<li>O <strong>Beauty Community<\/strong> interna\u021bional\u0103 mare \u2013 o echip\u0103 \u2013 o familie<\/li>\n<li>Produse de <strong>cea mai \u00eenalt\u0103 calitate<\/strong>, fabricate \u00een Elve\u021bia &#8211; bazate pe cele mai recente descoperiri din \u0219tiin\u021b\u0103 &#038; natur\u0103.<\/li>\n<li>Un <strong>concept de succes<\/strong> pentru a deveni independent online \u0219i offline, f\u0103r\u0103 investi\u021bii personale \u0219i f\u0103r\u0103 riscuri.<\/li>\n<li><strong>Shop online<\/strong> personalizat &#8211; flexibilitate pentru tine \u0219i pentru clien\u021bii t\u0103i.<\/li>\n<\/ul>\n<p>[\/et_pb_text][\/et_pb_column][et_pb_column type=&#8221;1_2&#8243; _builder_version=&#8221;4.19.3&#8243; _module_preset=&#8221;default&#8221; global_colors_info=&#8221;{}&#8221;][et_pb_text module_class=&#8221;custom-ul&#8221; _builder_version=&#8221;4.19.4&#8243; _module_preset=&#8221;default&#8221; global_colors_info=&#8221;{}&#8221;]<\/p>\n<ul>\n<li><strong>Do what you love :<\/strong>la noi \u00ee\u021bi urmezi pasiunea &#8211; \u00een func\u021bie de ceea ce-\u021bi dore\u0219te inima, fie c\u0103 e vorba de cosmetice, machiaj sau suplimente nutritive (sau poate de toate trei), te po\u021bi specializa dup\u0103 cum dore\u0219ti..<\/li>\n<li><strong>Oportunit\u0103\u021bi de carier\u0103 \u0219i remunerare <\/strong> atractive \u0219i modalit\u0103\u021bi de lucru flexibile<\/li>\n<li><strong>Formare profesional\u0103 gratuit\u0103 \u0219i \u0219colariz\u0103ri<\/strong> pe teme de Beauty, Business, Karriere, Mindset, Social Selling<\/li>\n<li>Organizarea regulat\u0103 de <strong>Coaching \u0219i evenimente live<\/strong><\/li>\n<li><strong>Beneficii<\/strong> de calitate \u0219i <strong>vacan\u021be la distan\u021b\u0103<\/strong><\/li>\n<\/ul>\n<p>[\/et_pb_text][\/et_pb_column][\/et_pb_row][\/et_pb_section][et_pb_section fb_built=&#8221;1&#8243; module_class=&#8221;marquee-wrapper&#8221; _builder_version=&#8221;4.19.4&#8243; _module_preset=&#8221;default&#8221; background_color=&#8221;#000000&#8243; custom_margin=&#8221;0px||0px||true|false&#8221; custom_padding=&#8221;15px||15px||true|false&#8221; global_colors_info=&#8221;{}&#8221;][et_pb_row _builder_version=&#8221;4.19.4&#8243; _module_preset=&#8221;default&#8221; width=&#8221;100%&#8221; module_alignment=&#8221;center&#8221; custom_margin=&#8221;0px||0px||true|false&#8221; custom_padding=&#8221;0px||0px||false|false&#8221; global_colors_info=&#8221;{}&#8221;][et_pb_column type=&#8221;4_4&#8243; _builder_version=&#8221;4.19.4&#8243; _module_preset=&#8221;default&#8221; global_colors_info=&#8221;{}&#8221;][et_pb_code admin_label=&#8221;Code&#8221; _builder_version=&#8221;4.19.4&#8243; _module_preset=&#8221;default&#8221; global_colors_info=&#8221;{}&#8221;]<\/p>\n<div class=\"marquee\"><!-- [et_pb_line_break_holder] -->  <\/p>\n<div class=\"track\"><!-- [et_pb_line_break_holder] -->    <\/p>\n<div class=\"content\">Let\u2019s Beautify the World together! +++ Let\u2019s Beautify the World together! +++ Let\u2019s Beautify the World together! +++ Let\u2019s Beautify the World together! +++ Let\u2019s Beautify the World together! +++ Let\u2019s Beautify the World together! +++ Let\u2019s Beautify the World together! +++ Let\u2019s Beautify the World together! +++ <\/div>\n<p><!-- [et_pb_line_break_holder] -->  <\/div>\n<p><!-- [et_pb_line_break_holder] --><\/div>\n<p>[\/et_pb_code][\/et_pb_column][\/et_pb_row][\/et_pb_section][et_pb_section fb_built=&#8221;1&#8243; _builder_version=&#8221;4.19.4&#8243; _module_preset=&#8221;default&#8221; global_colors_info=&#8221;{}&#8221;][et_pb_row _builder_version=&#8221;4.19.4&#8243; _module_preset=&#8221;default&#8221; global_colors_info=&#8221;{}&#8221;][et_pb_column type=&#8221;4_4&#8243; _builder_version=&#8221;4.19.4&#8243; _module_preset=&#8221;default&#8221; global_colors_info=&#8221;{}&#8221;][et_pb_text admin_label=&#8221;unsere mission:&#8221; _builder_version=&#8221;4.19.4&#8243; _module_preset=&#8221;default&#8221; header_3_text_align=&#8221;center&#8221; custom_margin=&#8221;||45px||false|false&#8221; custom_padding=&#8221;||0px||false|false&#8221; header_3_font_size_tablet=&#8221;&#8221; header_3_font_size_phone=&#8221;&#8221; header_3_font_size_last_edited=&#8221;on|desktop&#8221; global_colors_info=&#8221;{}&#8221;]<\/p>\n<h3>MISIUNEA NOASTR\u0102:<\/h3>\n<p>[\/et_pb_text][et_pb_text admin_label=&#8221;Menschen eine erfolgreiche Selbstst\u00e4ndigkeit zu erm\u00f6glichen und das in jedem Dorf und jeder Stadt!&#8221; _builder_version=&#8221;4.19.4&#8243; _module_preset=&#8221;default&#8221; header_2_font=&#8221;|||on|||||&#8221; header_2_text_align=&#8221;center&#8221; text_orientation=&#8221;center&#8221; max_width=&#8221;1100px&#8221; module_alignment=&#8221;center&#8221; custom_margin=&#8221;||45px||false|false&#8221; custom_padding=&#8221;||0px||false|false&#8221; global_colors_info=&#8221;{}&#8221;]<\/p>\n<h2>S\u0102 OFERIM MAI MULTOR OAMENI OPORTUNITATEA DE A LUCRA INDEPENDENT \u0218I A AVEA SUCCES, \u00ceN FIECARE SAT \u0218I \u00ceN FIECARE ORA\u0218!<\/h2>\n<p>[\/et_pb_text][et_pb_text _builder_version=&#8221;4.19.4&#8243; _module_preset=&#8221;default&#8221; text_orientation=&#8221;center&#8221; max_width=&#8221;950px&#8221; module_alignment=&#8221;center&#8221; custom_margin=&#8221;||2em||false|false&#8221; global_colors_info=&#8221;{}&#8221;]<\/p>\n<p>Am dori s\u0103 realiz\u0103m aceast\u0103 viziune \u00eempreun\u0103 cu parteneri de afaceri puternici.<\/p>\n<p>[\/et_pb_text][et_pb_text admin_label=&#8221;Bist du dabei?&#8221; _builder_version=&#8221;4.19.4&#8243; _module_preset=&#8221;default&#8221; text_font=&#8221;Montserrat Semi Bold|||on|||||&#8221; text_text_color=&#8221;#DF8190&#8243; text_orientation=&#8221;center&#8221; max_width=&#8221;950px&#8221; module_alignment=&#8221;center&#8221; global_colors_info=&#8221;{}&#8221;]<\/p>\n<p>NI TE AL\u0102TURI \u0218I TU?<\/p>\n<p>[\/et_pb_text][et_pb_button button_url=&#8221;https:\/\/shop.deesse.com\/recruitment&#8221; url_new_window=&#8221;on&#8221; button_text=&#8221;\u00ceNCEPE POVESTEA TA DE SUCCES CU NOI AST\u0102ZI!&#8221; button_alignment=&#8221;center&#8221; admin_label=&#8221;JETZT STARTEN&#8221; _builder_version=&#8221;4.19.4&#8243; _module_preset=&#8221;default&#8221; custom_button=&#8221;on&#8221; button_text_color=&#8221;#FFFFFF&#8221; button_bg_color=&#8221;#DF8190&#8243; custom_margin=&#8221;0px||0px||false|false&#8221; global_colors_info=&#8221;{}&#8221; button_bg_color__hover_enabled=&#8221;off|desktop&#8221;][\/et_pb_button][\/et_pb_column][\/et_pb_row][\/et_pb_section][et_pb_section fb_built=&#8221;1&#8243; custom_padding_last_edited=&#8221;on|desktop&#8221; _builder_version=&#8221;4.19.4&#8243; _module_preset=&#8221;default&#8221; background_color=&#8221;#f7f7f7&#8243; custom_margin=&#8221;150px||||false|false&#8221; custom_margin_tablet=&#8221;0px||||false|false&#8221; custom_margin_phone=&#8221;0px||||false|false&#8221; custom_margin_last_edited=&#8221;on|desktop&#8221; custom_padding=&#8221;0px||0px||true|false&#8221; custom_padding_tablet=&#8221;50px||50px||true|false&#8221; custom_padding_phone=&#8221;50px||50px||true|false&#8221; global_colors_info=&#8221;{}&#8221;][et_pb_row column_structure=&#8221;1_2,1_2&#8243; module_class=&#8221;howitallstarted&#8221; _builder_version=&#8221;4.19.4&#8243; _module_preset=&#8221;default&#8221; custom_margin=&#8221;||0px||false|false&#8221; custom_padding=&#8221;||0px||false|false&#8221; global_colors_info=&#8221;{}&#8221; custom_css_main_element_last_edited=&#8221;on|tablet&#8221; custom_css_main_element_phone=&#8221;display: flex;||flex-direction: column-reverse;&#8221;][et_pb_column type=&#8221;1_2&#8243; _builder_version=&#8221;4.19.3&#8243; _module_preset=&#8221;default&#8221; global_colors_info=&#8221;{}&#8221;][et_pb_image src=&#8221;https:\/\/www.deesse.com\/wp-content\/uploads\/2023\/02\/nachhaltigkeit-als-unser-kernwert.webp&#8221; alt=&#8221;NACHHALTIGKEIT<br \/>\nALS UNSER KERNWERT&#8221; title_text=&#8221;NACHHALTIGKEIT ALS UNSER KERNWERT&#8221; align=&#8221;right&#8221; module_class=&#8221;centerimg&#8221; _builder_version=&#8221;4.19.4&#8243; _module_preset=&#8221;default&#8221; transform_scale_tablet=&#8221;&#8221; transform_scale_phone=&#8221;&#8221; transform_scale_last_edited=&#8221;on|desktop&#8221; transform_translate=&#8221;0px|-150px&#8221; transform_translate_tablet=&#8221;0px|0px&#8221; transform_translate_phone=&#8221;0px|0px&#8221; transform_translate_last_edited=&#8221;on|desktop&#8221; transform_translate_linked=&#8221;off&#8221; transform_rotate_tablet=&#8221;&#8221; transform_rotate_phone=&#8221;&#8221; transform_rotate_last_edited=&#8221;on|desktop&#8221; transform_skew_tablet=&#8221;&#8221; transform_skew_phone=&#8221;&#8221; transform_skew_last_edited=&#8221;on|desktop&#8221; transform_origin_tablet=&#8221;&#8221; transform_origin_phone=&#8221;&#8221; transform_origin_last_edited=&#8221;on|desktop&#8221; transform_styles_last_edited=&#8221;on|desktop&#8221; max_width=&#8221;675px&#8221; module_alignment=&#8221;right&#8221; custom_margin=&#8221;||0px||false|false&#8221; custom_padding=&#8221;||0px||false|false&#8221; transform_styles_tablet=&#8221;&#8221; transform_styles_phone=&#8221;&#8221; global_colors_info=&#8221;{}&#8221;][\/et_pb_image][et_pb_image src=&#8221;https:\/\/www.deesse.com\/wp-content\/uploads\/\/deesse-loves-you.svg&#8221; title_text=&#8221;deesse-loves-you&#8221; align=&#8221;center&#8221; disabled_on=&#8221;on|on|on&#8221; module_class=&#8221;rotating&#8221; _builder_version=&#8221;4.19.4&#8243; _module_preset=&#8221;default&#8221; positioning=&#8221;absolute&#8221; position_origin_a=&#8221;bottom_right&#8221; width=&#8221;100%&#8221; custom_margin=&#8221;0px||0px||true|false&#8221; custom_padding=&#8221;0px||0px||true|false&#8221; custom_css_main_element=&#8221;display: inline-block;||width: auto;&#8221; disabled=&#8221;on&#8221; global_colors_info=&#8221;{}&#8221;][\/et_pb_image][\/et_pb_column][et_pb_column type=&#8221;1_2&#8243; _builder_version=&#8221;4.19.4&#8243; _module_preset=&#8221;default&#8221; custom_padding=&#8221;100px||180px||false|false&#8221; custom_padding_tablet=&#8221;100px||0px||false|false&#8221; custom_padding_phone=&#8221;50px||||false|false&#8221; custom_padding_last_edited=&#8221;on|phone&#8221; global_colors_info=&#8221;{}&#8221;][et_pb_text admin_label=&#8221;Nachhaltigkeit als unser Kernwert&#8221; _builder_version=&#8221;4.19.4&#8243; _module_preset=&#8221;default&#8221; header_2_font=&#8221;|||on|||||&#8221; max_width_tablet=&#8221;&#8221; max_width_phone=&#8221;350px&#8221; max_width_last_edited=&#8221;on|phone&#8221; custom_margin=&#8221;||50px||false|false&#8221; custom_padding=&#8221;||||false|false&#8221; global_colors_info=&#8221;{}&#8221;]<\/p>\n<h2><em>SUSTENABILITATEA<\/em><br \/>CA VALOARE DE BAZ\u0102<\/h2>\n<p>[\/et_pb_text][et_pb_text _builder_version=&#8221;4.19.4&#8243; _module_preset=&#8221;default&#8221; text_font_size=&#8221;18px&#8221; text_line_height=&#8221;2em&#8221; max_width=&#8221;810px&#8221; module_alignment=&#8221;left&#8221; global_colors_info=&#8221;{}&#8221;]<\/p>\n<p>Fabricarea de produse de \u00eenalt\u0103 calitate nu este doar punctul nostru forte, ci \u0219i prioritatea noastr\u0103. Prin urmare, atunci c\u00e2nd ne dezvolt\u0103m produsele, nu \u021binem cont doar de tendin\u021bele actuale, ci \u0219i de un standard de calitate ridicat \u0219i de tema sustenabilit\u0103\u021bii.<\/p>\n<p>Iubim animalele, de aceea produsele noastre  <strong>NU sunt testate pe animale<\/strong> \u0219i a\u0219a a fost \u00eentotdeauna! Avem o gam\u0103 larg\u0103 de produse <strong>vegane<\/strong> care nu con\u021bin materii prime de origine animal\u0103.<\/p>\n<p>Folosim <strong>sistemul ecologic Refill <\/strong> de peste 30 de ani. Prin acest concept, am fost deja pionieri \u00een domeniul protejerii mediului. Acest lucru reduce de dou\u0103 ori impactul asupra mediului. Pe de o parte, produsele noastre genereaz\u0103 mai pu\u021bine de\u0219euri \u0219i, \u00een acela\u0219i timp, sunt utilizate mai pu\u021bine resurse. <\/p>\n<p>Folosim <strong>sistemul de distribu\u021bie <\/strong> \u0219i lucr\u0103m la ambalaje care nu numai c\u0103 arat\u0103 bine, dar \u00eendeplinesc \u0219i o func\u021bie sustenabil\u0103.  \u00cen acest fel, produsul este protejat \u00eempotriva decolor\u0103rii sau modific\u0103rii datorate oxid\u0103rii. Astfel, se asigur\u0103 men\u021binerea cu certitudine a termenului de valabilitate f\u0103r\u0103 contaminare.<\/p>\n<p>[\/et_pb_text][\/et_pb_column][\/et_pb_row][et_pb_row _builder_version=&#8221;4.19.3&#8243; _module_preset=&#8221;default&#8221; custom_margin=&#8221;0px||||false|false&#8221; custom_padding=&#8221;0px||||false|false&#8221; global_colors_info=&#8221;{}&#8221;][et_pb_column type=&#8221;4_4&#8243; _builder_version=&#8221;4.19.3&#8243; _module_preset=&#8221;default&#8221; global_colors_info=&#8221;{}&#8221;][et_pb_text admin_label=&#8221;#TOGETHERWEARESTRONG&#8221; module_class=&#8221;togetherwearestrong&#8221; _builder_version=&#8221;4.19.4&#8243; _module_preset=&#8221;default&#8221; text_font=&#8221;Montserrat Semi Bold||||||||&#8221; text_text_color=&#8221;#DF8190&#8243; text_orientation=&#8221;center&#8221; custom_css_main_element=&#8221;opacity: 1 !important;&#8221; global_colors_info=&#8221;{}&#8221;]<\/p>\n<p>#TOGETHERWEARESTRONG<\/p>\n<p>[\/et_pb_text][\/et_pb_column][\/et_pb_row][\/et_pb_section][et_pb_section fb_built=&#8221;1&#8243; custom_padding_last_edited=&#8221;on|desktop&#8221; disabled_on=&#8221;on|on|on&#8221; _builder_version=&#8221;4.19.4&#8243; _module_preset=&#8221;default&#8221; background_enable_color=&#8221;off&#8221; custom_margin=&#8221;0px||||false|false&#8221; custom_margin_tablet=&#8221;0px||||false|false&#8221; custom_margin_phone=&#8221;0px||||false|false&#8221; custom_margin_last_edited=&#8221;on|desktop&#8221; custom_padding=&#8221;0px||0px||true|false&#8221; custom_padding_tablet=&#8221;50px||50px||true|false&#8221; custom_padding_phone=&#8221;50px||50px||true|false&#8221; disabled=&#8221;on&#8221; global_colors_info=&#8221;{}&#8221;][et_pb_row column_structure=&#8221;1_2,1_2&#8243; custom_padding_last_edited=&#8221;on|desktop&#8221; disabled_on=&#8221;off|off|off&#8221; module_class=&#8221;howitallstarted&#8221; _builder_version=&#8221;4.19.4&#8243; _module_preset=&#8221;default&#8221; width=&#8221;100%&#8221; width_tablet=&#8221;90%&#8221; width_phone=&#8221;&#8221; width_last_edited=&#8221;on|desktop&#8221; custom_margin=&#8221;||0px||false|false&#8221; custom_padding=&#8221;||0px|5%|false|false&#8221; custom_padding_tablet=&#8221;|||0%|false|false&#8221; custom_padding_phone=&#8221;|||0%|false|false&#8221; global_colors_info=&#8221;{}&#8221; custom_css_main_element_last_edited=&#8221;on|tablet&#8221; custom_css_main_element_tablet=&#8221;display: flex;||flex-direction: column-reverse;&#8221; custom_css_main_element_phone=&#8221;display: flex;||flex-direction: column-reverse;&#8221;][et_pb_column type=&#8221;1_2&#8243; _builder_version=&#8221;4.19.4&#8243; _module_preset=&#8221;default&#8221; custom_padding=&#8221;100px||50px||false|false&#8221; custom_padding_tablet=&#8221;100px||0px||false|false&#8221; custom_padding_phone=&#8221;50px||||false|false&#8221; custom_padding_last_edited=&#8221;on|desktop&#8221; global_colors_info=&#8221;{}&#8221;][et_pb_text admin_label=&#8221;Soziale Verantwortung&#8221; _builder_version=&#8221;4.19.4&#8243; _module_preset=&#8221;default&#8221; header_2_font=&#8221;|||on|||||&#8221; max_width_tablet=&#8221;&#8221; max_width_phone=&#8221;350px&#8221; max_width_last_edited=&#8221;on|phone&#8221; custom_margin=&#8221;||50px||false|false&#8221; custom_padding=&#8221;||||false|false&#8221; global_colors_info=&#8221;{}&#8221;]<\/p>\n<h2>Soziale<br \/><em>Verantwortung<\/em><\/h2>\n<p>[\/et_pb_text][et_pb_text _builder_version=&#8221;4.19.4&#8243; _module_preset=&#8221;default&#8221; text_font_size=&#8221;18px&#8221; text_line_height=&#8221;2em&#8221; max_width=&#8221;675px&#8221; module_alignment=&#8221;left&#8221; global_colors_info=&#8221;{}&#8221;]<\/p>\n<p>Durch die Stiftung \u201eD\u00e9esse for children\u201c ist es uns m\u00f6glich dort zu helfen, wo Hilfe ben\u00f6tigt wird.<\/p>\n<p>Die Stiftung \u201eD\u00e9esse for children\u201c unterst\u00fctzt schon seit unz\u00e4hligen Jahren Institutionen und Einrichtungen in Rum\u00e4nien, um den Schw\u00e4chsten zu helfen. Inzwischen bieten sogar zwei eigene Kinderheime 160 Kindern ein neues Zuhause, in welchem sie eine liebevolle und unbeschwerte Kindheit erleben d\u00fcrfen. Dort erhalten sie ein umfangreiches Ausbildungsangebot mit Zukunftsperspektive.<\/p>\n<p>Seit einigen Jahren hat auch ein Altersheim seinen Betrieb aufgenommen, welches unz\u00e4hligen Menschen einen w\u00fcrdigen Lebensabend bietet.<\/p>\n<p>Ausserdem wird im Namen der Stiftung eine Zahnarztpraxis gef\u00fchrt, die nicht nur die Bewohner unserer eigenen Institutionen nutzen k\u00f6nnen, sondern die auch externen Patienten bezahlbare Behandlungen bietet. Die Praxis tr\u00e4gt sich durch dieses Modell finanziell selbst. Genau auf dieselbe Art funktioniert eine k\u00fcrzlich er\u00f6ffnete B\u00e4ckerei; sie versorgt unsere eignen Einrichtungen mit Backwaren und hat gleichzeitig f\u00fcr den normalen Verkauf ge\u00f6ffnet, womit die Gesamtkosten gedeckt werden k\u00f6nnen.<\/p>\n<p>[\/et_pb_text][\/et_pb_column][et_pb_column type=&#8221;1_2&#8243; _builder_version=&#8221;4.19.3&#8243; _module_preset=&#8221;default&#8221; global_colors_info=&#8221;{}&#8221;][et_pb_image src=&#8221;https:\/\/www.deesse.com\/wp-content\/uploads\/2023\/02\/soziale-verantwortung.webp&#8221; alt=&#8221;Soziale Verantwortung&#8221; title_text=&#8221;Soziale Verantwortung&#8221; module_class=&#8221;centerimg&#8221; _builder_version=&#8221;4.19.4&#8243; _module_preset=&#8221;default&#8221; transform_scale_tablet=&#8221;&#8221; transform_scale_phone=&#8221;&#8221; transform_scale_last_edited=&#8221;on|desktop&#8221; transform_translate=&#8221;0px|-150px&#8221; transform_translate_tablet=&#8221;0px|0px&#8221; transform_translate_phone=&#8221;0px|0px&#8221; transform_translate_last_edited=&#8221;on|desktop&#8221; transform_translate_linked=&#8221;off&#8221; transform_rotate_tablet=&#8221;&#8221; transform_rotate_phone=&#8221;&#8221; transform_rotate_last_edited=&#8221;on|desktop&#8221; transform_skew_tablet=&#8221;&#8221; transform_skew_phone=&#8221;&#8221; transform_skew_last_edited=&#8221;on|desktop&#8221; transform_origin_tablet=&#8221;&#8221; transform_origin_phone=&#8221;&#8221; transform_origin_last_edited=&#8221;on|desktop&#8221; transform_styles_last_edited=&#8221;on|desktop&#8221; transform_styles_tablet=&#8221;&#8221; transform_styles_phone=&#8221;&#8221; global_colors_info=&#8221;{}&#8221;][\/et_pb_image][\/et_pb_column][\/et_pb_row][et_pb_row _builder_version=&#8221;4.19.3&#8243; _module_preset=&#8221;default&#8221; custom_margin=&#8221;0px||||false|false&#8221; custom_padding=&#8221;0px||||false|false&#8221; global_colors_info=&#8221;{}&#8221;][et_pb_column type=&#8221;4_4&#8243; _builder_version=&#8221;4.19.3&#8243; _module_preset=&#8221;default&#8221; global_colors_info=&#8221;{}&#8221;][et_pb_text admin_label=&#8221;#TOGETHERWEARESTRONG&#8221; module_class=&#8221;togetherwearestrong&#8221; _builder_version=&#8221;4.19.4&#8243; _module_preset=&#8221;default&#8221; text_font=&#8221;Montserrat Semi Bold||||||||&#8221; text_text_color=&#8221;#DF8190&#8243; text_orientation=&#8221;center&#8221; custom_css_main_element=&#8221;opacity: 1 !important;&#8221; global_colors_info=&#8221;{}&#8221;]<\/p>\n<p>#TOGETHERWEARESTRONG<\/p>\n<p>[\/et_pb_text][\/et_pb_column][\/et_pb_row][\/et_pb_section]<\/p>\n","protected":false},"excerpt":{"rendered":"<p>DESPRE D\u00c9ESSEDe 50 de ani suntem un produc\u0103tor sustenabil de produse cosmetice \u0219i suplimente nutritive. \u00cempreun\u0103 cu comunitatea noastr\u0103 de Beauty, format\u0103 din peste 16.000 de parteneri de distribu\u021bie, facem [&hellip;]<\/p>\n","protected":false},"author":1,"featured_media":2327,"parent":0,"menu_order":0,"comment_status":"closed","ping_status":"closed","template":"","meta":{"_acf_changed":false,"_et_pb_use_builder":"on","_et_pb_old_content":"[et_pb_section fb_built=\"1\" _builder_version=\"4.19.4\" _module_preset=\"default\" z_index=\"999\" custom_margin=\"0px||0px||false|false\" custom_padding=\"0px||0px||false|false\" global_colors_info=\"{}\"][et_pb_row column_structure=\"1_3,2_3\" make_equal=\"on\" _builder_version=\"4.19.4\" _module_preset=\"default\" width=\"100%\" custom_margin=\"0px||0px||false|false\" custom_padding=\"0px||0px||false|false\" global_colors_info=\"{}\" custom_css_main_element_last_edited=\"off|desktop\" custom_css_main_element_phone=\"display: block;\"][et_pb_column type=\"1_3\" module_class=\"iconcol\" _builder_version=\"4.19.4\" _module_preset=\"default\" background_enable_color=\"off\" background_image=\"https:\/\/www.deesse.com\/wp-content\/uploads\/2023\/02\/ueber-deesse-schweiz.webp\" custom_padding=\"120px||120px||false|false\" custom_padding_tablet=\"0px||0px||false|false\" custom_padding_phone=\"0px||0px||false|false\" custom_padding_last_edited=\"on|desktop\" background_last_edited=\"on|phone\" background_enable_image_tablet=\"off\" global_colors_info=\"{}\"][et_pb_image src=\"https:\/\/www.deesse.com\/wp-content\/uploads\/2023\/02\/ueber-deesse-schweiz.webp\" alt=\"Deesse Cosmetics of Switzerland\" title_text=\"Deesse Cosmetics of Switzerland\" align=\"center\" src_tablet=\"https:\/\/www.deesse.com\/wp-content\/uploads\/2023\/02\/ueber-deesse-schweiz.webp\" src_phone=\"https:\/\/www.deesse.com\/wp-content\/uploads\/2023\/02\/ueber-deesse-schweiz.webp\" src_last_edited=\"off|desktop\" disabled_on=\"off|off|on\" _builder_version=\"4.19.4\" _module_preset=\"default\" global_colors_info=\"{}\" custom_css_main_element_last_edited=\"on|tablet\" custom_css_main_element_tablet=\"aspect-ratio: 1\/1;||object-fit: cover;||object-position: center center;||width: 100%;||height: 100%;||overflow: hidden;\" custom_css_main_element_phone=\"aspect-ratio: 1\/1;||object-fit: cover;||object-position: center center;||width: 100%;||height: 100%;||overflow: hidden;\"][\/et_pb_image][\/et_pb_column][et_pb_column type=\"2_3\" _builder_version=\"4.19.4\" _module_preset=\"default\" custom_padding=\"120px|50px|200px||false|false\" custom_padding_tablet=\"50px|25px|50px|25px|false|false\" custom_padding_phone=\"|25px||25px|false|false\" custom_padding_last_edited=\"on|desktop\" global_colors_info=\"{}\"][et_pb_text admin_label=\"\u00dcBER D\u00c9ESSE\" _builder_version=\"4.19.4\" _module_preset=\"default\" header_2_font=\"|||on|||||\" custom_margin=\"||0px||false|false\" custom_padding=\"||0px||false|false\" global_colors_info=\"{}\"]<h1>\u00dcBER <em>D\u00c9ESSE<\/em><\/h1>[\/et_pb_text][et_pb_text _builder_version=\"4.19.4\" _module_preset=\"default\" text_font_size=\"18px\" text_line_height=\"2em\" max_width=\"950px\" module_alignment=\"left\" custom_margin=\"||3em||false|false\" global_colors_info=\"{}\"]Seit 50 Jahren sind wir ein nachhaltiger Produkthersteller von Kosmetik- und Nahrungserg\u00e4nzungsmitteln. Gemeinsam mit unserer international stark wachsenden Beauty-Community mit \u00fcber 16\u2019000 Vertriebspartner:innen machen wir Millionen von Bestandskunden weltweit t\u00e4glich gl\u00fccklich.\r\n\r\nSeit 1971 unterst\u00fctzen wir Tausende von Menschen, ihre individuellen Ziele zu erreichen. Dabei geben wir die Chance, mit unserem De\u0301esse-Beauty-Business-Konzept selbstst\u00e4ndig ohne Risiko finanziell unabh\u00e4ngig zu werden, flexibel von \u00fcberall zu arbeiten und nachhaltig erfolgreich zu sein.\r\n\r\nDe\u0301esse ist ein Familienunternehmen in zweiter Generation mit dem Hauptsitz in Oetwil am See in der Schweiz und der EU-Niederlassung in Sauerlach bei Mu\u0308nchen.[\/et_pb_text][\/et_pb_column][\/et_pb_row][et_pb_row column_structure=\"1_3,1_3,1_3\" make_equal=\"on\" custom_padding_last_edited=\"on|desktop\" module_class=\"about-places-wrapper\" _builder_version=\"4.19.4\" _module_preset=\"default\" positioning=\"absolute\" position_origin_a=\"bottom_right\" vertical_offset=\"-50px\" z_index=\"99\" vertical_offset_tablet=\"0px\" vertical_offset_phone=\"0px\" vertical_offset_last_edited=\"on|desktop\" position_origin_a_tablet=\"bottom_right\" position_origin_a_phone=\"bottom_right\" position_origin_a_last_edited=\"on|desktop\" position_origin_f_tablet=\"\" position_origin_f_phone=\"\" position_origin_f_last_edited=\"on|desktop\" position_origin_r_tablet=\"\" position_origin_r_phone=\"\" position_origin_r_last_edited=\"on|desktop\" width=\"100%\" custom_margin=\"0px||0px||false|false\" custom_padding=\"0px||0px||false|false\" custom_padding_tablet=\"|25px||25px|false|true\" custom_padding_phone=\"|25px||25px|false|true\" positioning_tablet=\"relative\" positioning_phone=\"relative\" positioning_last_edited=\"on|tablet\" global_colors_info=\"{}\"][et_pb_column type=\"1_3\" _builder_version=\"4.19.4\" _module_preset=\"default\" global_colors_info=\"{}\"][\/et_pb_column][et_pb_column type=\"1_3\" _builder_version=\"4.19.4\" _module_preset=\"default\" global_colors_info=\"{}\"][et_pb_code admin_label=\"Oetwil am See\" module_class=\"about-place\" _builder_version=\"4.19.4\" _module_preset=\"default\" global_colors_info=\"{}\"]<img class=\"wp-image-2322 alignnone size-full\" src=\"https:\/\/www.deesse.com\/wp-content\/uploads\/2023\/02\/Oetwil-am-See-Zuerich-Schweiz.webp\" alt=\"Oetwil am See Z\u00fcrich,  Schweiz\" width=\"520\" height=\"411\" \/><!-- [et_pb_line_break_holder] --><p>Oetwil am See<br \/>Z\u00fcrich,<br \/>Schweiz<\/p>[\/et_pb_code][\/et_pb_column][et_pb_column type=\"1_3\" _builder_version=\"4.19.4\" _module_preset=\"default\" custom_css_main_element=\"width: auto;\" global_colors_info=\"{}\"][et_pb_code admin_label=\"Sauerlach\" module_class=\"about-place\" _builder_version=\"4.19.4\" _module_preset=\"default\" global_colors_info=\"{}\"]<img class=\"wp-image-2328 alignnone size-full\" src=\"https:\/\/www.deesse.com\/wp-content\/uploads\/2023\/02\/Sauerlach-Muenchen-Deutschland.webp\" alt=\"Sauerlach M\u00fcnchen, Deutschland\" width=\"521\" height=\"412\" \/><!-- [et_pb_line_break_holder] --><p>Sauerlach<br \/>M\u00fcnchen,<br \/>Deutschland<\/p>[\/et_pb_code][\/et_pb_column][\/et_pb_row][\/et_pb_section][et_pb_section fb_built=\"1\" _builder_version=\"4.19.4\" _module_preset=\"default\" background_color=\"#DF8190\" background_enable_image=\"off\" z_index=\"99\" global_colors_info=\"{}\"][et_pb_row _builder_version=\"4.19.3\" _module_preset=\"default\" global_colors_info=\"{}\"][et_pb_column type=\"4_4\" _builder_version=\"4.19.3\" _module_preset=\"default\" global_colors_info=\"{}\"][et_pb_text admin_label=\"Das zeichnet uns aus\" _builder_version=\"4.19.4\" _module_preset=\"default\" header_2_font=\"|||on|||||\" header_2_text_align=\"center\" text_orientation=\"center\" custom_margin=\"||0px||false|false\" custom_padding=\"||0px||false|false\" global_colors_info=\"{}\"]<h2><em>Das<\/em> zeichnet uns aus<\/h2>[\/et_pb_text][\/et_pb_column][\/et_pb_row][et_pb_row column_structure=\"1_2,1_2\" _builder_version=\"4.19.4\" _module_preset=\"default\" max_width=\"1400px\" module_alignment=\"center\" global_colors_info=\"{}\"][et_pb_column type=\"1_2\" _builder_version=\"4.19.4\" _module_preset=\"default\" global_colors_info=\"{}\"][et_pb_text module_class=\"custom-ul\" _builder_version=\"4.19.4\" _module_preset=\"default\" text_text_color=\"#000000\" global_colors_info=\"{}\"]<ul>\r\n<li>Ein starker Business-Partner mit <strong>langj\u00e4hrigem Know-how<\/strong> im Beauty Business und im Direktvertrieb<\/li>\r\n<li>Gro\u00dfe internationale <strong>Beauty Community<\/strong> \u2013 ein Team \u2013 eine Familie<\/li>\r\n<li>Produkte in <strong>ho\u0308chster Qualita\u0308t<\/strong>, die in der Schweiz produziert werden \u2013 basierend auf den neuesten Erkenntnissen aus Wissenschaft & Natur<\/li>\r\n<li>Ein <strong>Erfolgskonzept<\/strong>, um online und offline, ohne Eigeninvestment und ohne Risiko selbstst\u00e4ndig zu werden.<\/li>\r\n<li>Personalisierter <strong>Online-Shop<\/strong> \u2013 Flexibilit\u00e4t f\u00fcr dich und deine Kund:innen.<\/li>\r\n<\/ul>[\/et_pb_text][\/et_pb_column][et_pb_column type=\"1_2\" _builder_version=\"4.19.3\" _module_preset=\"default\" global_colors_info=\"{}\"][et_pb_text module_class=\"custom-ul\" _builder_version=\"4.19.4\" _module_preset=\"default\" global_colors_info=\"{}\"]<ul>\r\n<li><strong>Do what you love:<\/strong> bei uns folgst du deine Leidenschaft \u2013 je nachdem, f\u00fcr was dein Herz schl\u00e4gt, ob f\u00fcr Kosmetik, Make-up oder Nahrungserg\u00e4nzung (oder vielleicht alle drei), du kannst dich ganz nach Belieben spezialisieren.<\/li>\r\n<li>Attraktive <strong>Karriere- und Verg\u00fctungschancen<\/strong> und flexible Arbeitseinteillung<\/li>\r\n<li>Professionelle und kostenlose <strong>Aus- und Weiterbildungen<\/strong> rund um die Themen Beauty, Business, Karriere, Mindset, Social Selling<\/li>\r\n<li>Regelm\u00e4ssige <strong>Coachings und Live Events<\/strong><\/li>\r\n<li>Hochwertige <strong>Benefits und Fernreisen<\/strong><\/li>\r\n<\/ul>[\/et_pb_text][\/et_pb_column][\/et_pb_row][\/et_pb_section][et_pb_section fb_built=\"1\" module_class=\"marquee-wrapper\" _builder_version=\"4.19.4\" _module_preset=\"default\" background_color=\"#000000\" custom_margin=\"0px||0px||true|false\" custom_padding=\"15px||15px||true|false\" global_colors_info=\"{}\"][et_pb_row _builder_version=\"4.19.4\" _module_preset=\"default\" width=\"100%\" module_alignment=\"center\" custom_margin=\"0px||0px||true|false\" custom_padding=\"0px||0px||false|false\" global_colors_info=\"{}\"][et_pb_column type=\"4_4\" _builder_version=\"4.19.4\" _module_preset=\"default\" global_colors_info=\"{}\"][et_pb_code admin_label=\"Code\" _builder_version=\"4.19.4\" _module_preset=\"default\" global_colors_info=\"{}\"]<div class=\"marquee\"><!-- [et_pb_line_break_holder] -->  <div class=\"track\"><!-- [et_pb_line_break_holder] -->    <div class=\"content\">Let\u2019s Beautify the World together! +++ Let\u2019s Beautify the World together! +++ Let\u2019s Beautify the World together! +++ Let\u2019s Beautify the World together! +++ Let\u2019s Beautify the World together! +++ Let\u2019s Beautify the World together! +++ Let\u2019s Beautify the World together! +++ Let\u2019s Beautify the World together! +++ <\/div><!-- [et_pb_line_break_holder] -->  <\/div><!-- [et_pb_line_break_holder] --><\/div>[\/et_pb_code][\/et_pb_column][\/et_pb_row][\/et_pb_section][et_pb_section fb_built=\"1\" _builder_version=\"4.19.4\" _module_preset=\"default\" global_colors_info=\"{}\"][et_pb_row _builder_version=\"4.19.4\" _module_preset=\"default\" global_colors_info=\"{}\"][et_pb_column type=\"4_4\" _builder_version=\"4.19.4\" _module_preset=\"default\" global_colors_info=\"{}\"][et_pb_text admin_label=\"unsere mission:\" _builder_version=\"4.19.4\" _module_preset=\"default\" header_3_text_align=\"center\" custom_margin=\"||45px||false|false\" custom_padding=\"||0px||false|false\" header_3_font_size_tablet=\"\" header_3_font_size_phone=\"\" header_3_font_size_last_edited=\"on|desktop\" global_colors_info=\"{}\"]<h3>Unsere Mission:<\/h3>[\/et_pb_text][et_pb_text admin_label=\"Menschen eine erfolgreiche Selbstst\u00e4ndigkeit zu erm\u00f6glichen und das in jedem Dorf und jeder Stadt!\" _builder_version=\"4.19.4\" _module_preset=\"default\" header_2_font=\"|||on|||||\" header_2_text_align=\"center\" text_orientation=\"center\" max_width=\"1100px\" module_alignment=\"center\" custom_margin=\"||45px||false|false\" custom_padding=\"||0px||false|false\" global_colors_info=\"{}\"]<h2>Menschen eine erfolgreiche Selbstst\u00e4ndigkeit zu erm\u00f6glichen und das in jedem Dorf und jeder Stadt!<\/h2>[\/et_pb_text][et_pb_text _builder_version=\"4.19.4\" _module_preset=\"default\" text_orientation=\"center\" max_width=\"950px\" module_alignment=\"center\" custom_margin=\"||2em||false|false\" global_colors_info=\"{}\"]<p>Diese Vision m\u00f6chten wir gemeinsam mit starken Gesch\u00e4ftspartner:innen umsetzen.<\/p>[\/et_pb_text][et_pb_text admin_label=\"Bist du dabei?\" _builder_version=\"4.19.4\" _module_preset=\"default\" text_font=\"Montserrat Semi Bold|||on|||||\" text_text_color=\"#DF8190\" text_orientation=\"center\" max_width=\"950px\" module_alignment=\"center\" global_colors_info=\"{}\"]<p>Bist du dabei?<\/p>[\/et_pb_text][et_pb_button button_url=\"https:\/\/shop.deesse.com\/recruitment\" url_new_window=\"on\" button_text=\"Starte noch heute deine Erfolgsgeschichte mit uns!\" button_alignment=\"center\" admin_label=\"JETZT STARTEN\" _builder_version=\"4.19.4\" _module_preset=\"default\" custom_button=\"on\" button_text_color=\"#FFFFFF\" button_bg_color=\"#DF8190\" custom_margin=\"0px||0px||false|false\" global_colors_info=\"{}\" button_bg_color__hover_enabled=\"off|desktop\"][\/et_pb_button][\/et_pb_column][\/et_pb_row][\/et_pb_section][et_pb_section fb_built=\"1\" custom_padding_last_edited=\"on|desktop\" _builder_version=\"4.19.4\" _module_preset=\"default\" background_color=\"#f7f7f7\" custom_margin=\"150px||||false|false\" custom_margin_tablet=\"0px||||false|false\" custom_margin_phone=\"0px||||false|false\" custom_margin_last_edited=\"on|desktop\" custom_padding=\"0px||0px||true|false\" custom_padding_tablet=\"50px||50px||true|false\" custom_padding_phone=\"50px||50px||true|false\" global_colors_info=\"{}\"][et_pb_row column_structure=\"1_2,1_2\" module_class=\"howitallstarted\" _builder_version=\"4.19.4\" _module_preset=\"default\" custom_margin=\"||0px||false|false\" custom_padding=\"||0px||false|false\" global_colors_info=\"{}\" custom_css_main_element_last_edited=\"on|tablet\" custom_css_main_element_phone=\"display: flex;||flex-direction: column-reverse;\"][et_pb_column type=\"1_2\" _builder_version=\"4.19.3\" _module_preset=\"default\" global_colors_info=\"{}\"][et_pb_image src=\"https:\/\/www.deesse.com\/wp-content\/uploads\/2023\/02\/nachhaltigkeit-als-unser-kernwert.webp\" alt=\"NACHHALTIGKEIT\r\nALS UNSER KERNWERT\" title_text=\"NACHHALTIGKEIT ALS UNSER KERNWERT\" align=\"right\" module_class=\"centerimg\" _builder_version=\"4.19.4\" _module_preset=\"default\" transform_scale_tablet=\"\" transform_scale_phone=\"\" transform_scale_last_edited=\"on|desktop\" transform_translate=\"0px|-150px\" transform_translate_tablet=\"0px|0px\" transform_translate_phone=\"0px|0px\" transform_translate_last_edited=\"on|desktop\" transform_translate_linked=\"off\" transform_rotate_tablet=\"\" transform_rotate_phone=\"\" transform_rotate_last_edited=\"on|desktop\" transform_skew_tablet=\"\" transform_skew_phone=\"\" transform_skew_last_edited=\"on|desktop\" transform_origin_tablet=\"\" transform_origin_phone=\"\" transform_origin_last_edited=\"on|desktop\" transform_styles_last_edited=\"on|desktop\" max_width=\"675px\" module_alignment=\"right\" custom_margin=\"||0px||false|false\" custom_padding=\"||0px||false|false\" transform_styles_tablet=\"\" transform_styles_phone=\"\" global_colors_info=\"{}\"][\/et_pb_image][et_pb_image src=\"https:\/\/www.deesse.com\/wp-content\/uploads\/2022\/12\/deesse-loves-you.svg\" title_text=\"deesse-loves-you\" align=\"center\" disabled_on=\"on|on|on\" module_class=\"rotating\" _builder_version=\"4.19.4\" _module_preset=\"default\" positioning=\"absolute\" position_origin_a=\"bottom_right\" width=\"100%\" custom_margin=\"0px||0px||true|false\" custom_padding=\"0px||0px||true|false\" custom_css_main_element=\"display: inline-block;||width: auto;\" disabled=\"on\" global_colors_info=\"{}\"][\/et_pb_image][\/et_pb_column][et_pb_column type=\"1_2\" _builder_version=\"4.19.4\" _module_preset=\"default\" custom_padding=\"100px||180px||false|false\" custom_padding_tablet=\"100px||0px||false|false\" custom_padding_phone=\"50px||||false|false\" custom_padding_last_edited=\"on|phone\" global_colors_info=\"{}\"][et_pb_text admin_label=\"Nachhaltigkeit als unser Kernwert\" _builder_version=\"4.19.4\" _module_preset=\"default\" header_2_font=\"|||on|||||\" max_width_tablet=\"\" max_width_phone=\"350px\" max_width_last_edited=\"on|phone\" custom_margin=\"||50px||false|false\" custom_padding=\"||||false|false\" global_colors_info=\"{}\"]<h2><em>Nachhaltigkeit<\/em><br \/>als unser Kernwert<\/h2>[\/et_pb_text][et_pb_text _builder_version=\"4.19.4\" _module_preset=\"default\" text_font_size=\"18px\" text_line_height=\"2em\" max_width=\"810px\" module_alignment=\"left\" global_colors_info=\"{}\"]<p>Hochqualitative Produkte herzustellen ist nicht nur unsere St\u00e4rke, sondern auch unsere Priorit\u00e4t. Dementsprechend achten wir bei der Produktentwicklung nicht nur auf aktuelle Trends, sondern auch auf einen hohen Qualit\u00e4tsstandard und das Thema der Nachhaltigkeit.<\/p>\r\n<p>Wir lieben Tiere, darum sind unsere Produkte <strong>tierversuchsFREI<\/strong> und das war schon immer so! Wir verf\u00fcgen \u00fcber eine breite Produktpalette an <strong>veganen<\/strong> Produkten, die keinerlei Rohstoffe tierischen Ursprungs enthalten.<\/p>\r\n<p>Wir arbeiten seit \u00fcber 30 Jahren mit dem <strong>Refill-System<\/strong>. Mit diesem Konzept waren wir fr\u00fcher schon als Vorreiter im Thema Umwelt unterwegs. Dadurch wird die Umweltbelastung gleich doppelt verringert. Auf der einen Seite wird weniger M\u00fcll durch unsere Produkte produziert und gleichzeitig auch weniger Ressourcen verbraucht. <\/p>\r\n<p>Wir nutzen das <strong>Dispenser-System<\/strong> und arbeiten an Verpackungen, welche nicht nur sch\u00f6n aussehen, sondern eine nachhaltige Funktion erf\u00fcllen. So bleibt das Produkt gesch\u00fctzt vor Verf\u00e4rbung oder Ver\u00e4nderung durch Oxidation. Dadurch bleibt die Haltbarkeit ohne Verunreinigung mit Sicherheit erhalten.<\/p>[\/et_pb_text][\/et_pb_column][\/et_pb_row][et_pb_row _builder_version=\"4.19.3\" _module_preset=\"default\" custom_margin=\"0px||||false|false\" custom_padding=\"0px||||false|false\" global_colors_info=\"{}\"][et_pb_column type=\"4_4\" _builder_version=\"4.19.3\" _module_preset=\"default\" global_colors_info=\"{}\"][et_pb_text admin_label=\"#TOGETHERWEARESTRONG\" module_class=\"togetherwearestrong\" _builder_version=\"4.19.4\" _module_preset=\"default\" text_font=\"Montserrat Semi Bold||||||||\" text_text_color=\"#DF8190\" text_orientation=\"center\" custom_css_main_element=\"opacity: 1 !important;\" global_colors_info=\"{}\"]<p>#TOGETHERWEARESTRONG<\/p>[\/et_pb_text][\/et_pb_column][\/et_pb_row][\/et_pb_section][et_pb_section fb_built=\"1\" custom_padding_last_edited=\"on|desktop\" _builder_version=\"4.19.4\" _module_preset=\"default\" background_enable_color=\"off\" custom_margin=\"0px||||false|false\" custom_margin_tablet=\"0px||||false|false\" custom_margin_phone=\"0px||||false|false\" custom_margin_last_edited=\"on|desktop\" custom_padding=\"0px||0px||true|false\" custom_padding_tablet=\"50px||50px||true|false\" custom_padding_phone=\"50px||50px||true|false\" global_colors_info=\"{}\" disabled_on=\"on|on|on\" disabled=\"on\"][et_pb_row column_structure=\"1_2,1_2\" custom_padding_last_edited=\"on|desktop\" disabled_on=\"off|off|off\" module_class=\"howitallstarted\" _builder_version=\"4.19.4\" _module_preset=\"default\" width=\"100%\" width_tablet=\"90%\" width_phone=\"\" width_last_edited=\"on|desktop\" custom_margin=\"||0px||false|false\" custom_padding=\"||0px|5%|false|false\" custom_padding_tablet=\"|||0%|false|false\" custom_padding_phone=\"|||0%|false|false\" global_colors_info=\"{}\" custom_css_main_element_last_edited=\"on|tablet\" custom_css_main_element_tablet=\"display: flex;||flex-direction: column-reverse;\" custom_css_main_element_phone=\"display: flex;||flex-direction: column-reverse;\"][et_pb_column type=\"1_2\" _builder_version=\"4.19.4\" _module_preset=\"default\" custom_padding=\"100px||50px||false|false\" custom_padding_tablet=\"100px||0px||false|false\" custom_padding_phone=\"50px||||false|false\" custom_padding_last_edited=\"on|desktop\" global_colors_info=\"{}\"][et_pb_text admin_label=\"Soziale Verantwortung\" _builder_version=\"4.19.4\" _module_preset=\"default\" header_2_font=\"|||on|||||\" max_width_tablet=\"\" max_width_phone=\"350px\" max_width_last_edited=\"on|phone\" custom_margin=\"||50px||false|false\" custom_padding=\"||||false|false\" global_colors_info=\"{}\"]<h2>Soziale<br \/><em>Verantwortung<\/em><\/h2>[\/et_pb_text][et_pb_text _builder_version=\"4.19.4\" _module_preset=\"default\" text_font_size=\"18px\" text_line_height=\"2em\" max_width=\"675px\" module_alignment=\"left\" global_colors_info=\"{}\"]<p>Durch die Stiftung \u201eD\u00e9esse for children\u201c ist es uns m\u00f6glich dort zu helfen, wo Hilfe ben\u00f6tigt wird.<\/p>\r\n<p>Die Stiftung \u201eD\u00e9esse for children\u201c unterst\u00fctzt schon seit unz\u00e4hligen Jahren Institutionen und Einrichtungen in Rum\u00e4nien, um den Schw\u00e4chsten zu helfen. Inzwischen bieten sogar zwei eigene Kinderheime 160 Kindern ein neues Zuhause, in welchem sie eine liebevolle und unbeschwerte Kindheit erleben d\u00fcrfen. Dort erhalten sie ein umfangreiches Ausbildungsangebot mit Zukunftsperspektive.<\/p>\r\n<p>Seit einigen Jahren hat auch ein Altersheim seinen Betrieb aufgenommen, welches unz\u00e4hligen Menschen einen w\u00fcrdigen Lebensabend bietet.<\/p>\r\n<p>Ausserdem wird im Namen der Stiftung eine Zahnarztpraxis gef\u00fchrt, die nicht nur die Bewohner unserer eigenen Institutionen nutzen k\u00f6nnen, sondern die auch externen Patienten bezahlbare Behandlungen bietet. Die Praxis tr\u00e4gt sich durch dieses Modell finanziell selbst. Genau auf dieselbe Art funktioniert eine k\u00fcrzlich er\u00f6ffnete B\u00e4ckerei; sie versorgt unsere eignen Einrichtungen mit Backwaren und hat gleichzeitig f\u00fcr den normalen Verkauf ge\u00f6ffnet, womit die Gesamtkosten gedeckt werden k\u00f6nnen.<\/p>[\/et_pb_text][\/et_pb_column][et_pb_column type=\"1_2\" _builder_version=\"4.19.3\" _module_preset=\"default\" global_colors_info=\"{}\"][et_pb_image src=\"https:\/\/www.deesse.com\/wp-content\/uploads\/2023\/02\/soziale-verantwortung.webp\" alt=\"Soziale Verantwortung\" title_text=\"Soziale Verantwortung\" module_class=\"centerimg\" _builder_version=\"4.19.4\" _module_preset=\"default\" transform_scale_tablet=\"\" transform_scale_phone=\"\" transform_scale_last_edited=\"on|desktop\" transform_translate=\"0px|-150px\" transform_translate_tablet=\"0px|0px\" transform_translate_phone=\"0px|0px\" transform_translate_last_edited=\"on|desktop\" transform_translate_linked=\"off\" transform_rotate_tablet=\"\" transform_rotate_phone=\"\" transform_rotate_last_edited=\"on|desktop\" transform_skew_tablet=\"\" transform_skew_phone=\"\" transform_skew_last_edited=\"on|desktop\" transform_origin_tablet=\"\" transform_origin_phone=\"\" transform_origin_last_edited=\"on|desktop\" transform_styles_last_edited=\"on|desktop\" transform_styles_tablet=\"\" transform_styles_phone=\"\" global_colors_info=\"{}\"][\/et_pb_image][\/et_pb_column][\/et_pb_row][et_pb_row _builder_version=\"4.19.3\" _module_preset=\"default\" custom_margin=\"0px||||false|false\" custom_padding=\"0px||||false|false\" global_colors_info=\"{}\"][et_pb_column type=\"4_4\" _builder_version=\"4.19.3\" _module_preset=\"default\" global_colors_info=\"{}\"][et_pb_text admin_label=\"#TOGETHERWEARESTRONG\" module_class=\"togetherwearestrong\" _builder_version=\"4.19.4\" _module_preset=\"default\" text_font=\"Montserrat Semi Bold||||||||\" text_text_color=\"#DF8190\" text_orientation=\"center\" custom_css_main_element=\"opacity: 1 !important;\" global_colors_info=\"{}\"]<p>#TOGETHERWEARESTRONG<\/p>[\/et_pb_text][\/et_pb_column][\/et_pb_row][\/et_pb_section]","_et_gb_content_width":"","inline_featured_image":false,"footnotes":""},"class_list":["post-2571","page","type-page","status-publish","has-post-thumbnail","hentry"],"acf":[],"yoast_head":"<!-- This site is optimized with the Yoast SEO plugin v24.2 - https:\/\/yoast.com\/wordpress\/plugins\/seo\/ -->\n<title>Despre D\u00e9esse &#187; D\u00e9esse Cosmetics<\/title>\n<meta name=\"description\" content=\"Wirksame Kosmetik und hochwertige Nahrungserg\u00e4nzungsmittel dank moderner Forschung und Schweizer Traditionsbewusstsein. Entdecken Sie die Welt von D\u00e9esse.\" \/>\n<meta name=\"robots\" content=\"index, follow, max-snippet:-1, max-image-preview:large, max-video-preview:-1\" \/>\n<link rel=\"canonical\" href=\"https:\/\/www.deesse.com\/ro\/despre-deesse\/\" \/>\n<meta property=\"og:locale\" content=\"ro_RO\" \/>\n<meta property=\"og:type\" content=\"article\" \/>\n<meta property=\"og:title\" content=\"Despre D\u00e9esse &#187; D\u00e9esse Cosmetics\" \/>\n<meta property=\"og:description\" content=\"Wirksame Kosmetik und hochwertige Nahrungserg\u00e4nzungsmittel dank moderner Forschung und Schweizer Traditionsbewusstsein. Entdecken Sie die Welt von D\u00e9esse.\" \/>\n<meta property=\"og:url\" content=\"https:\/\/www.deesse.com\/ro\/despre-deesse\/\" \/>\n<meta property=\"og:site_name\" content=\"D\u00e9esse Cosmetics\" \/>\n<meta property=\"article:publisher\" content=\"https:\/\/www.facebook.com\/DeesseCosmeticsOfSwitzerland\" \/>\n<meta property=\"article:modified_time\" content=\"2023-10-12T09:04:01+00:00\" \/>\n<meta property=\"og:image\" content=\"https:\/\/www.deesse.com\/wp-content\/uploads\/2023\/02\/Oetwil-am-See-Zuerich-Schweiz.webp\" \/>\n<meta name=\"twitter:card\" content=\"summary_large_image\" \/>\n<meta name=\"twitter:label1\" content=\"Timp estimat pentru citire\" \/>\n\t<meta name=\"twitter:data1\" content=\"8 minute\" \/>\n<script type=\"application\/ld+json\" class=\"yoast-schema-graph\">{\"@context\":\"https:\/\/schema.org\",\"@graph\":[{\"@type\":\"WebPage\",\"@id\":\"https:\/\/www.deesse.com\/ro\/despre-deesse\/\",\"url\":\"https:\/\/www.deesse.com\/ro\/despre-deesse\/\",\"name\":\"Despre D\u00e9esse &#187; D\u00e9esse Cosmetics\",\"isPartOf\":{\"@id\":\"https:\/\/www.deesse.com\/ro\/#website\"},\"primaryImageOfPage\":{\"@id\":\"https:\/\/www.deesse.com\/ro\/despre-deesse\/#primaryimage\"},\"image\":{\"@id\":\"https:\/\/www.deesse.com\/ro\/despre-deesse\/#primaryimage\"},\"thumbnailUrl\":\"https:\/\/www.deesse.com\/wp-content\/uploads\/2023\/02\/Oetwil-am-See-Zuerich-Schweiz.webp\",\"datePublished\":\"2023-02-14T13:46:08+00:00\",\"dateModified\":\"2023-10-12T09:04:01+00:00\",\"description\":\"Wirksame Kosmetik und hochwertige Nahrungserg\u00e4nzungsmittel dank moderner Forschung und Schweizer Traditionsbewusstsein. Entdecken Sie die Welt von D\u00e9esse.\",\"breadcrumb\":{\"@id\":\"https:\/\/www.deesse.com\/ro\/despre-deesse\/#breadcrumb\"},\"inLanguage\":\"ro-RO\",\"potentialAction\":[{\"@type\":\"ReadAction\",\"target\":[\"https:\/\/www.deesse.com\/ro\/despre-deesse\/\"]}]},{\"@type\":\"ImageObject\",\"inLanguage\":\"ro-RO\",\"@id\":\"https:\/\/www.deesse.com\/ro\/despre-deesse\/#primaryimage\",\"url\":\"https:\/\/www.deesse.com\/wp-content\/uploads\/2023\/02\/Oetwil-am-See-Zuerich-Schweiz.webp\",\"contentUrl\":\"https:\/\/www.deesse.com\/wp-content\/uploads\/2023\/02\/Oetwil-am-See-Zuerich-Schweiz.webp\",\"width\":520,\"height\":411,\"caption\":\"Oetwil am See Z\u00fcrich, Schweiz\"},{\"@type\":\"BreadcrumbList\",\"@id\":\"https:\/\/www.deesse.com\/ro\/despre-deesse\/#breadcrumb\",\"itemListElement\":[{\"@type\":\"ListItem\",\"position\":1,\"name\":\"Startseite\",\"item\":\"https:\/\/www.deesse.com\/ro\/\"},{\"@type\":\"ListItem\",\"position\":2,\"name\":\"Despre D\u00e9esse\"}]},{\"@type\":\"WebSite\",\"@id\":\"https:\/\/www.deesse.com\/ro\/#website\",\"url\":\"https:\/\/www.deesse.com\/ro\/\",\"name\":\"D\u00e9esse Cosmetics\",\"description\":\"\",\"potentialAction\":[{\"@type\":\"SearchAction\",\"target\":{\"@type\":\"EntryPoint\",\"urlTemplate\":\"https:\/\/www.deesse.com\/ro\/?s={search_term_string}\"},\"query-input\":{\"@type\":\"PropertyValueSpecification\",\"valueRequired\":true,\"valueName\":\"search_term_string\"}}],\"inLanguage\":\"ro-RO\"}]}<\/script>\n<!-- \/ Yoast SEO plugin. -->","yoast_head_json":{"title":"Despre D\u00e9esse &#187; D\u00e9esse Cosmetics","description":"Wirksame Kosmetik und hochwertige Nahrungserg\u00e4nzungsmittel dank moderner Forschung und Schweizer Traditionsbewusstsein. Entdecken Sie die Welt von D\u00e9esse.","robots":{"index":"index","follow":"follow","max-snippet":"max-snippet:-1","max-image-preview":"max-image-preview:large","max-video-preview":"max-video-preview:-1"},"canonical":"https:\/\/www.deesse.com\/ro\/despre-deesse\/","og_locale":"ro_RO","og_type":"article","og_title":"Despre D\u00e9esse &#187; D\u00e9esse Cosmetics","og_description":"Wirksame Kosmetik und hochwertige Nahrungserg\u00e4nzungsmittel dank moderner Forschung und Schweizer Traditionsbewusstsein. Entdecken Sie die Welt von D\u00e9esse.","og_url":"https:\/\/www.deesse.com\/ro\/despre-deesse\/","og_site_name":"D\u00e9esse Cosmetics","article_publisher":"https:\/\/www.facebook.com\/DeesseCosmeticsOfSwitzerland","article_modified_time":"2023-10-12T09:04:01+00:00","og_image":[{"url":"https:\/\/www.deesse.com\/wp-content\/uploads\/2023\/02\/Oetwil-am-See-Zuerich-Schweiz.webp","type":"","width":"","height":""}],"twitter_card":"summary_large_image","twitter_misc":{"Timp estimat pentru citire":"8 minute"},"schema":{"@context":"https:\/\/schema.org","@graph":[{"@type":"WebPage","@id":"https:\/\/www.deesse.com\/ro\/despre-deesse\/","url":"https:\/\/www.deesse.com\/ro\/despre-deesse\/","name":"Despre D\u00e9esse &#187; D\u00e9esse Cosmetics","isPartOf":{"@id":"https:\/\/www.deesse.com\/ro\/#website"},"primaryImageOfPage":{"@id":"https:\/\/www.deesse.com\/ro\/despre-deesse\/#primaryimage"},"image":{"@id":"https:\/\/www.deesse.com\/ro\/despre-deesse\/#primaryimage"},"thumbnailUrl":"https:\/\/www.deesse.com\/wp-content\/uploads\/2023\/02\/Oetwil-am-See-Zuerich-Schweiz.webp","datePublished":"2023-02-14T13:46:08+00:00","dateModified":"2023-10-12T09:04:01+00:00","description":"Wirksame Kosmetik und hochwertige Nahrungserg\u00e4nzungsmittel dank moderner Forschung und Schweizer Traditionsbewusstsein. Entdecken Sie die Welt von D\u00e9esse.","breadcrumb":{"@id":"https:\/\/www.deesse.com\/ro\/despre-deesse\/#breadcrumb"},"inLanguage":"ro-RO","potentialAction":[{"@type":"ReadAction","target":["https:\/\/www.deesse.com\/ro\/despre-deesse\/"]}]},{"@type":"ImageObject","inLanguage":"ro-RO","@id":"https:\/\/www.deesse.com\/ro\/despre-deesse\/#primaryimage","url":"https:\/\/www.deesse.com\/wp-content\/uploads\/2023\/02\/Oetwil-am-See-Zuerich-Schweiz.webp","contentUrl":"https:\/\/www.deesse.com\/wp-content\/uploads\/2023\/02\/Oetwil-am-See-Zuerich-Schweiz.webp","width":520,"height":411,"caption":"Oetwil am See Z\u00fcrich, Schweiz"},{"@type":"BreadcrumbList","@id":"https:\/\/www.deesse.com\/ro\/despre-deesse\/#breadcrumb","itemListElement":[{"@type":"ListItem","position":1,"name":"Startseite","item":"https:\/\/www.deesse.com\/ro\/"},{"@type":"ListItem","position":2,"name":"Despre D\u00e9esse"}]},{"@type":"WebSite","@id":"https:\/\/www.deesse.com\/ro\/#website","url":"https:\/\/www.deesse.com\/ro\/","name":"D\u00e9esse Cosmetics","description":"","potentialAction":[{"@type":"SearchAction","target":{"@type":"EntryPoint","urlTemplate":"https:\/\/www.deesse.com\/ro\/?s={search_term_string}"},"query-input":{"@type":"PropertyValueSpecification","valueRequired":true,"valueName":"search_term_string"}}],"inLanguage":"ro-RO"}]}},"_links":{"self":[{"href":"https:\/\/www.deesse.com\/ro\/wp-json\/wp\/v2\/pages\/2571","targetHints":{"allow":["GET"]}}],"collection":[{"href":"https:\/\/www.deesse.com\/ro\/wp-json\/wp\/v2\/pages"}],"about":[{"href":"https:\/\/www.deesse.com\/ro\/wp-json\/wp\/v2\/types\/page"}],"author":[{"embeddable":true,"href":"https:\/\/www.deesse.com\/ro\/wp-json\/wp\/v2\/users\/1"}],"replies":[{"embeddable":true,"href":"https:\/\/www.deesse.com\/ro\/wp-json\/wp\/v2\/comments?post=2571"}],"version-history":[{"count":11,"href":"https:\/\/www.deesse.com\/ro\/wp-json\/wp\/v2\/pages\/2571\/revisions"}],"predecessor-version":[{"id":5637,"href":"https:\/\/www.deesse.com\/ro\/wp-json\/wp\/v2\/pages\/2571\/revisions\/5637"}],"wp:featuredmedia":[{"embeddable":true,"href":"https:\/\/www.deesse.com\/ro\/wp-json\/wp\/v2\/media\/2327"}],"wp:attachment":[{"href":"https:\/\/www.deesse.com\/ro\/wp-json\/wp\/v2\/media?parent=2571"}],"curies":[{"name":"wp","href":"https:\/\/api.w.org\/{rel}","templated":true}]}}